{"id":319,"date":"2019-04-17T09:47:46","date_gmt":"2019-04-17T08:47:46","guid":{"rendered":"https:\/\/www.erbel.eus\/labeille\/"},"modified":"2024-09-27T14:43:27","modified_gmt":"2024-09-27T13:43:27","slug":"labeille","status":"publish","type":"page","link":"https:\/\/erbel.eus\/fr\/labeille\/","title":{"rendered":"L&rsquo;ABEILLE"},"content":{"rendered":"\t\t<div data-elementor-type=\"wp-post\" data-elementor-id=\"319\" class=\"elementor elementor-319 elementor-214\">\n\t\t\t\t\t\t<section class=\"elementor-section elementor-top-section elementor-element elementor-element-7382161 elementor-section-boxed elementor-section-height-default elementor-section-height-default\" data-id=\"7382161\" data-element_type=\"section\" data-e-type=\"section\">\n\t\t\t\t\t\t\t<div class=\"elementor-background-overlay\"><\/div>\n\t\t\t\t\t\t\t<div class=\"elementor-container elementor-column-gap-default\">\n\t\t\t\t\t<div class=\"elementor-column elementor-col-100 elementor-top-column elementor-element elementor-element-6ffa9b6\" data-id=\"6ffa9b6\" data-element_type=\"column\" data-e-type=\"column\">\n\t\t\t<div class=\"elementor-widget-wrap elementor-element-populated\">\n\t\t\t\t\t\t<div class=\"elementor-element elementor-element-ccd026c elementor-widget elementor-widget-heading\" data-id=\"ccd026c\" data-element_type=\"widget\" data-e-type=\"widget\" data-widget_type=\"heading.default\">\n\t\t\t\t<div class=\"elementor-widget-container\">\n\t\t\t\t\t<h2 class=\"elementor-heading-title elementor-size-default\">ABEILLE NOIRE<\/h2>\t\t\t\t<\/div>\n\t\t\t\t<\/div>\n\t\t\t\t<div class=\"elementor-element elementor-element-bf8dcb1 elementor-widget-divider--view-line elementor-widget elementor-widget-divider\" data-id=\"bf8dcb1\" data-element_type=\"widget\" data-e-type=\"widget\" data-widget_type=\"divider.default\">\n\t\t\t\t<div class=\"elementor-widget-container\">\n\t\t\t\t\t\t\t<div class=\"elementor-divider\">\n\t\t\t<span class=\"elementor-divider-separator\">\n\t\t\t\t\t\t<\/span>\n\t\t<\/div>\n\t\t\t\t\t\t<\/div>\n\t\t\t\t<\/div>\n\t\t\t\t\t<\/div>\n\t\t<\/div>\n\t\t\t\t\t<\/div>\n\t\t<\/section>\n\t\t\t\t<section class=\"elementor-section elementor-top-section elementor-element elementor-element-f6cf3df elementor-section-boxed elementor-section-height-default elementor-section-height-default\" data-id=\"f6cf3df\" data-element_type=\"section\" data-e-type=\"section\">\n\t\t\t\t\t\t<div class=\"elementor-container elementor-column-gap-default\">\n\t\t\t\t\t<div class=\"elementor-column elementor-col-25 elementor-top-column elementor-element elementor-element-a0e90d6\" data-id=\"a0e90d6\" data-element_type=\"column\" data-e-type=\"column\">\n\t\t\t<div class=\"elementor-widget-wrap\">\n\t\t\t\t\t\t\t<\/div>\n\t\t<\/div>\n\t\t\t\t<div class=\"elementor-column elementor-col-50 elementor-top-column elementor-element elementor-element-03e66ed\" data-id=\"03e66ed\" data-element_type=\"column\" data-e-type=\"column\">\n\t\t\t<div class=\"elementor-widget-wrap elementor-element-populated\">\n\t\t\t\t\t\t<div class=\"elementor-element elementor-element-fead6d8 elementor-widget elementor-widget-heading\" data-id=\"fead6d8\" data-element_type=\"widget\" data-e-type=\"widget\" data-widget_type=\"heading.default\">\n\t\t\t\t<div class=\"elementor-widget-container\">\n\t\t\t\t\t<h2 class=\"elementor-heading-title elementor-size-default\">NOM DE LA RACE<\/h2>\t\t\t\t<\/div>\n\t\t\t\t<\/div>\n\t\t\t\t<div class=\"elementor-element elementor-element-cfa6d38 elementor-widget elementor-widget-text-editor\" data-id=\"cfa6d38\" data-element_type=\"widget\" data-e-type=\"widget\" data-widget_type=\"text-editor.default\">\n\t\t\t\t<div class=\"elementor-widget-container\">\n\t\t\t\t\t\t\t\t\t<p class=\"western\" align=\"justify\">Quant au terme \u00ab race \u00bb, c&rsquo;est un concept culturel li\u00e9 \u00e0 l&rsquo;existence d&rsquo;esp\u00e8ces d&rsquo;animaux domestiques. Bien qu&rsquo;il s&rsquo;agisse d&rsquo;insectes, les abeilles mellif\u00e8res (<em>Apis mellifera<\/em>, Linn\u00e9 1758) sont consid\u00e9r\u00e9es comme des animaux domestiques et, nous pouvons donc nous rapporter \u00e0 la zootechnie pour d\u00e9crire les diff\u00e9rentes races d&rsquo;abeilles (Padilla et Flores, 2005). Depuis les travaux de Goetze (1964), les populations d&rsquo;abeilles (Apis mellifera L.) de la p\u00e9ninsule ib\u00e9rique, sont consid\u00e9r\u00e9es comme constituant la race ib\u00e9rique (Cornuet et Fresnaye, 1989). Ainsi, Ornosa et Ortiz-S\u00e1nchez (2004), dans leur r\u00e9vision compl\u00e8te des Apoidea ib\u00e9riques pr\u00e9cisent que la sous-esp\u00e8ce end\u00e9mique de la p\u00e9ninsule ib\u00e9rique est <em>Apis mellifera iberiensis<\/em> (Engel 1999), plus connue sous l&rsquo;ancien nom de <em>Apis mellifera ib\u00e9rica<\/em>.<\/p>\n<p class=\"western\" align=\"justify\">Actuellement, la nomenclature <em>Apis mellifera iberiensis<\/em> est largement accept\u00e9e, aussi bien par la communaut\u00e9 scientifique que par le secteur apicole, pour d\u00e9signer les populations d&rsquo;abeilles end\u00e9miques pr\u00e9sentes dans toute la p\u00e9ninsule ib\u00e9rique.<\/p>\n\t\t\t\t\t\t\t\t<\/div>\n\t\t\t\t<\/div>\n\t\t\t\t\t<\/div>\n\t\t<\/div>\n\t\t\t\t<div class=\"elementor-column elementor-col-25 elementor-top-column elementor-element elementor-element-a887095\" data-id=\"a887095\" data-element_type=\"column\" data-e-type=\"column\">\n\t\t\t<div class=\"elementor-widget-wrap\">\n\t\t\t\t\t\t\t<\/div>\n\t\t<\/div>\n\t\t\t\t\t<\/div>\n\t\t<\/section>\n\t\t\t\t<section class=\"elementor-section elementor-top-section elementor-element elementor-element-bc966fa elementor-section-full_width elementor-section-content-middle elementor-hidden-tablet elementor-hidden-phone elementor-section-height-default elementor-section-height-default\" data-id=\"bc966fa\" data-element_type=\"section\" data-e-type=\"section\" data-settings=\"{&quot;background_background&quot;:&quot;classic&quot;}\">\n\t\t\t\t\t\t<div class=\"elementor-container elementor-column-gap-no\">\n\t\t\t\t\t<div class=\"elementor-column elementor-col-33 elementor-top-column elementor-element elementor-element-152427b4\" data-id=\"152427b4\" data-element_type=\"column\" data-e-type=\"column\">\n\t\t\t<div class=\"elementor-widget-wrap elementor-element-populated\">\n\t\t\t\t\t\t<div class=\"elementor-element elementor-element-704ff78 elementor-widget elementor-widget-heading\" data-id=\"704ff78\" data-element_type=\"widget\" data-e-type=\"widget\" data-widget_type=\"heading.default\">\n\t\t\t\t<div class=\"elementor-widget-container\">\n\t\t\t\t\t<h2 class=\"elementor-heading-title elementor-size-default\">HISTOIRE<\/h2>\t\t\t\t<\/div>\n\t\t\t\t<\/div>\n\t\t\t\t<div class=\"elementor-element elementor-element-ed15ad8 elementor-widget-divider--view-line elementor-widget elementor-widget-divider\" data-id=\"ed15ad8\" data-element_type=\"widget\" data-e-type=\"widget\" data-widget_type=\"divider.default\">\n\t\t\t\t<div class=\"elementor-widget-container\">\n\t\t\t\t\t\t\t<div class=\"elementor-divider\">\n\t\t\t<span class=\"elementor-divider-separator\">\n\t\t\t\t\t\t<\/span>\n\t\t<\/div>\n\t\t\t\t\t\t<\/div>\n\t\t\t\t<\/div>\n\t\t\t\t\t<\/div>\n\t\t<\/div>\n\t\t\t\t<div class=\"elementor-column elementor-col-33 elementor-top-column elementor-element elementor-element-7c682ae8\" data-id=\"7c682ae8\" data-element_type=\"column\" data-e-type=\"column\">\n\t\t\t<div class=\"elementor-widget-wrap elementor-element-populated\">\n\t\t\t\t\t\t<div class=\"elementor-element elementor-element-959c6bc elementor-widget elementor-widget-text-editor\" data-id=\"959c6bc\" data-element_type=\"widget\" data-e-type=\"widget\" data-widget_type=\"text-editor.default\">\n\t\t\t\t<div class=\"elementor-widget-container\">\n\t\t\t\t\t\t\t\t\t<p class=\"western\" align=\"justify\">L&rsquo;esp\u00e8ce <em>A. mellifera <\/em>est constitu\u00e9e par quatre lign\u00e9es \u00e9volutives incluant des populations africaines (lign\u00e9e A), de l&rsquo;Ouest et du Nord de l&rsquo;Europe (lign\u00e9e M) ou encore du Sud-est europ\u00e9en (lign\u00e9es C et O). <em>A. m. ibenriensis<\/em> (Engel 1999) appartient, avec <em>A. mellifera<\/em>, \u00e0 la lign\u00e9e \u00e9volutive M de l&rsquo;Europe de l&rsquo;Ouest (Ruttner 1988) \u00e9galement connue sous le nom d&rsquo;abeille noire.<\/p>\n<p class=\"western\" align=\"justify\">Les premi\u00e8res estimations sur la p\u00e9riode de divergence entre les lign\u00e9es \u00e9volutives A, C et M indiquent une s\u00e9paration approximative de 1 million d&rsquo;ann\u00e9es. Toutefois, l&rsquo;\u00e9tude la plus compl\u00e8te et la plus actualis\u00e9e r\u00e9alis\u00e9e par Wallerg et al. (2014) propose de r\u00e9duire cette dur\u00e9e de s\u00e9paration \u00e0 300 000 ans environ. De m\u00eame, ces auteurs proposent que les divisions entre sous-esp\u00e8ces, \u00e0 l&rsquo;int\u00e9rieur de chaque lign\u00e9e, se soient produites il y a environ 13 000-38 000 ans.<\/p>\n\t\t\t\t\t\t\t\t<\/div>\n\t\t\t\t<\/div>\n\t\t\t\t\t<\/div>\n\t\t<\/div>\n\t\t\t\t<div class=\"elementor-column elementor-col-33 elementor-top-column elementor-element elementor-element-7bd20e1b\" data-id=\"7bd20e1b\" data-element_type=\"column\" data-e-type=\"column\" data-settings=\"{&quot;background_background&quot;:&quot;classic&quot;}\">\n\t\t\t<div class=\"elementor-widget-wrap elementor-element-populated\">\n\t\t\t\t\t\t\t<\/div>\n\t\t<\/div>\n\t\t\t\t\t<\/div>\n\t\t<\/section>\n\t\t\t\t<section class=\"elementor-section elementor-top-section elementor-element elementor-element-31ab957 elementor-section-full_width elementor-section-content-middle elementor-hidden-desktop elementor-section-height-default elementor-section-height-default\" data-id=\"31ab957\" data-element_type=\"section\" data-e-type=\"section\" data-settings=\"{&quot;background_background&quot;:&quot;classic&quot;}\">\n\t\t\t\t\t\t<div class=\"elementor-container elementor-column-gap-no\">\n\t\t\t\t\t<div class=\"elementor-column elementor-col-100 elementor-top-column elementor-element elementor-element-ba22b15\" data-id=\"ba22b15\" data-element_type=\"column\" data-e-type=\"column\">\n\t\t\t<div class=\"elementor-widget-wrap elementor-element-populated\">\n\t\t\t\t\t\t<div class=\"elementor-element elementor-element-3c118d4 elementor-widget elementor-widget-heading\" data-id=\"3c118d4\" data-element_type=\"widget\" data-e-type=\"widget\" data-widget_type=\"heading.default\">\n\t\t\t\t<div class=\"elementor-widget-container\">\n\t\t\t\t\t<h2 class=\"elementor-heading-title elementor-size-default\">HISTOIRE<\/h2>\t\t\t\t<\/div>\n\t\t\t\t<\/div>\n\t\t\t\t<div class=\"elementor-element elementor-element-5f0610a elementor-widget-divider--view-line elementor-widget elementor-widget-divider\" data-id=\"5f0610a\" data-element_type=\"widget\" data-e-type=\"widget\" data-widget_type=\"divider.default\">\n\t\t\t\t<div class=\"elementor-widget-container\">\n\t\t\t\t\t\t\t<div class=\"elementor-divider\">\n\t\t\t<span class=\"elementor-divider-separator\">\n\t\t\t\t\t\t<\/span>\n\t\t<\/div>\n\t\t\t\t\t\t<\/div>\n\t\t\t\t<\/div>\n\t\t\t\t<div class=\"elementor-element elementor-element-8bfa9ae elementor-widget elementor-widget-text-editor\" data-id=\"8bfa9ae\" data-element_type=\"widget\" data-e-type=\"widget\" data-widget_type=\"text-editor.default\">\n\t\t\t\t<div class=\"elementor-widget-container\">\n\t\t\t\t\t\t\t\t\t<p class=\"western\" align=\"justify\">L&rsquo;esp\u00e8ce <em>A. mellifera <\/em>est constitu\u00e9e par quatre lign\u00e9es \u00e9volutives incluant des populations africaines (lign\u00e9e A), de l&rsquo;Ouest et du Nord de l&rsquo;Europe (lign\u00e9e M) ou encore du Sud-est europ\u00e9en (lign\u00e9es C et O). <em>A. m. ibenriensis<\/em> (Engel 1999) appartient, avec <em>A. mellifera<\/em>, \u00e0 la lign\u00e9e \u00e9volutive M de l&rsquo;Europe de l&rsquo;Ouest (Ruttner 1988) \u00e9galement connue sous le nom d&rsquo;abeille noire.<\/p>\n<p class=\"western\" align=\"justify\">Les premi\u00e8res estimations sur la p\u00e9riode de divergence entre les lign\u00e9es \u00e9volutives A, C et M indiquent une s\u00e9paration approximative de 1 million d&rsquo;ann\u00e9es. Toutefois, l&rsquo;\u00e9tude la plus compl\u00e8te et la plus actualis\u00e9e r\u00e9alis\u00e9e par Wallerg et al. (2014) propose de r\u00e9duire cette dur\u00e9e de s\u00e9paration \u00e0 300 000 ans environ. De m\u00eame, ces auteurs proposent que les divisions entre sous-esp\u00e8ces, \u00e0 l&rsquo;int\u00e9rieur de chaque lign\u00e9e, se soient produites il y a environ 13 000-38 000 ans.<\/p>\n\t\t\t\t\t\t\t\t<\/div>\n\t\t\t\t<\/div>\n\t\t\t\t<div class=\"elementor-element elementor-element-0c6d73a elementor-widget elementor-widget-image\" data-id=\"0c6d73a\" data-element_type=\"widget\" data-e-type=\"widget\" data-widget_type=\"image.default\">\n\t\t\t\t<div class=\"elementor-widget-container\">\n\t\t\t\t\t\t\t\t\t\t\t\t\t\t\t<img fetchpriority=\"high\" decoding=\"async\" width=\"2048\" height=\"665\" src=\"https:\/\/i0.wp.com\/erbel.eus\/wp-content\/uploads\/2019\/05\/3.2.A.jpg?fit=2048%2C665&amp;ssl=1\" class=\"attachment-full size-full wp-image-713\" alt=\"\" srcset=\"https:\/\/i0.wp.com\/erbel.eus\/wp-content\/uploads\/2019\/05\/3.2.A.jpg?w=2048&amp;ssl=1 2048w, https:\/\/i0.wp.com\/erbel.eus\/wp-content\/uploads\/2019\/05\/3.2.A.jpg?resize=300%2C97&amp;ssl=1 300w, https:\/\/i0.wp.com\/erbel.eus\/wp-content\/uploads\/2019\/05\/3.2.A.jpg?resize=768%2C249&amp;ssl=1 768w, https:\/\/i0.wp.com\/erbel.eus\/wp-content\/uploads\/2019\/05\/3.2.A.jpg?resize=1024%2C333&amp;ssl=1 1024w\" sizes=\"(max-width: 1100px) 100vw, 1100px\" \/>\t\t\t\t\t\t\t\t\t\t\t\t\t\t\t<\/div>\n\t\t\t\t<\/div>\n\t\t\t\t\t<\/div>\n\t\t<\/div>\n\t\t\t\t\t<\/div>\n\t\t<\/section>\n\t\t\t\t<section class=\"elementor-section elementor-top-section elementor-element elementor-element-7515c4a elementor-section-boxed elementor-section-height-default elementor-section-height-default\" data-id=\"7515c4a\" data-element_type=\"section\" data-e-type=\"section\" data-settings=\"{&quot;background_background&quot;:&quot;classic&quot;}\">\n\t\t\t\t\t\t<div class=\"elementor-container elementor-column-gap-wide\">\n\t\t\t\t\t<div class=\"elementor-column elementor-col-50 elementor-top-column elementor-element elementor-element-f7ece9e\" data-id=\"f7ece9e\" data-element_type=\"column\" data-e-type=\"column\">\n\t\t\t<div class=\"elementor-widget-wrap elementor-element-populated\">\n\t\t\t\t\t\t<div class=\"elementor-element elementor-element-b1b66e9 elementor-widget elementor-widget-text-editor\" data-id=\"b1b66e9\" data-element_type=\"widget\" data-e-type=\"widget\" data-widget_type=\"text-editor.default\">\n\t\t\t\t<div class=\"elementor-widget-container\">\n\t\t\t\t\t\t\t\t\t<p class=\"western\" align=\"justify\">L&rsquo;existence de clines morphologiques entre l&rsquo;\u00e9quateur et le cercle polaire passant par l&rsquo;Espagne et par le Maroc a fourni l&rsquo;hypoth\u00e8se de l&rsquo;origine africaine de l&rsquo;abeille noire. La morphom\u00e9trie traditionnelle, les allozymes et les donn\u00e9es mitochondriales sont longtemps venues \u00e9tayer l&rsquo;\u00e9troite relation entre les sous-esp\u00e8ces<em> A. m. ibenriensis<\/em> et la sous-esp\u00e8ce d&rsquo;Afrique du Nord (lign\u00e9e A). Elles ont aussi renforc\u00e9 l&rsquo;hypoth\u00e8se de Ruttner et al. (1978) selon lesquels les sous-esp\u00e8ces nord-africaines, ib\u00e9riques et mellifera \u00e9taient phylog\u00e9n\u00e9tiquement li\u00e9es et formaient une lign\u00e9e \u00e9volutive unique d&rsquo;Apis mellifera. Toutefois, des \u00e9tudes ult\u00e9rieures bas\u00e9es sur des marqueurs du g\u00e9nome nucl\u00e9aire ont r\u00e9v\u00e9l\u00e9 que les sous-esp\u00e8ces africaines et des deux europ\u00e9ennes de la lign\u00e9e M (<em>A. m. iberiensis<\/em> et <em>A. m. mellifera<\/em>) appartenaient \u00e0 deux lign\u00e9es \u00e9volutives bien diff\u00e9renci\u00e9es.<\/p>\n\t\t\t\t\t\t\t\t<\/div>\n\t\t\t\t<\/div>\n\t\t\t\t\t<\/div>\n\t\t<\/div>\n\t\t\t\t<div class=\"elementor-column elementor-col-50 elementor-top-column elementor-element elementor-element-2332ae4\" data-id=\"2332ae4\" data-element_type=\"column\" data-e-type=\"column\">\n\t\t\t<div class=\"elementor-widget-wrap elementor-element-populated\">\n\t\t\t\t\t\t<div class=\"elementor-element elementor-element-e2ea1f9 elementor-widget elementor-widget-text-editor\" data-id=\"e2ea1f9\" data-element_type=\"widget\" data-e-type=\"widget\" data-widget_type=\"text-editor.default\">\n\t\t\t\t<div class=\"elementor-widget-container\">\n\t\t\t\t\t\t\t\t\t<p class=\"western\" align=\"justify\">De m\u00eame, les donn\u00e9es morphologiques bas\u00e9es sur la morphom\u00e9trie g\u00e9om\u00e9trique de l&rsquo;aile avant se sont r\u00e9v\u00e9l\u00e9es tr\u00e8s coh\u00e9rentes avec les donn\u00e9es du g\u00e9nome nucl\u00e9aire, venant corroborer l&rsquo;existence d&rsquo;une divergence marqu\u00e9e des sous-esp\u00e8ces d&rsquo;Europe occidentale par rapport \u00e0 celles d&rsquo;Afrique du Nord (voir figures adapt\u00e9es de Miguel et al. 2011 et Wallberg et al. 2014). Cela renforce l&rsquo;hypoth\u00e8se selon laquelle la pr\u00e9sence du mitotype de la lign\u00e9e africaine au sein des populations d&rsquo;abeilles mellif\u00e8res ib\u00e9riques est probablement la cons\u00e9quence d&rsquo;introductions secondaires, avec une influence minimale sur le patrimoine g\u00e9n\u00e9tique actuel de <em>A. m. ibenriensis<\/em> (Garnery et al., 1992, 1998a ; Arias et al., 1996 ; Sheppard et al., 1997 ; Franck et al., 1998 ; Canovas et al., 2007 ; Miguel et al., 2007, 2011).<\/p>\n\t\t\t\t\t\t\t\t<\/div>\n\t\t\t\t<\/div>\n\t\t\t\t\t<\/div>\n\t\t<\/div>\n\t\t\t\t\t<\/div>\n\t\t<\/section>\n\t\t\t\t<section class=\"elementor-section elementor-top-section elementor-element elementor-element-67f2fde elementor-section-content-middle elementor-section-boxed elementor-section-height-default elementor-section-height-default\" data-id=\"67f2fde\" data-element_type=\"section\" data-e-type=\"section\" data-settings=\"{&quot;background_background&quot;:&quot;classic&quot;}\">\n\t\t\t\t\t\t<div class=\"elementor-container elementor-column-gap-default\">\n\t\t\t\t\t<div class=\"elementor-column elementor-col-100 elementor-top-column elementor-element elementor-element-5a9b7a4\" data-id=\"5a9b7a4\" data-element_type=\"column\" data-e-type=\"column\">\n\t\t\t<div class=\"elementor-widget-wrap elementor-element-populated\">\n\t\t\t\t\t\t<div class=\"elementor-element elementor-element-609af59 elementor-widget elementor-widget-text-editor\" data-id=\"609af59\" data-element_type=\"widget\" data-e-type=\"widget\" data-widget_type=\"text-editor.default\">\n\t\t\t\t<div class=\"elementor-widget-container\">\n\t\t\t\t\t\t\t\t\t<p style=\"margin-bottom: 0.28cm; line-height: 108%;\" align=\"justify\">Les activit\u00e9s apicoles, et le commerce des reines en particulier, ont alt\u00e9r\u00e9 la r\u00e9partition originale des sous-esp\u00e8ces d\u2019abeilles mellif\u00e8res (<em>Apis mellifera<\/em>) en Europe et ont provoqu\u00e9 l\u2019introduction massive de deux sous-esp\u00e8ces de la lign\u00e9e \u00e9volutive C d\u2019Europe orientale (<em>A. m. ligustica<\/em> et <em>A. m. carnica<\/em>) dans la plage indig\u00e8ne de la lign\u00e9e M d\u2019Europe occidentale (<em>A. m. mellifera<\/em> et <em>A. m. iberiensis<\/em>). En cons\u00e9quence, l\u2019Europe occidentale a \u00e9t\u00e9 le si\u00e8ge du remplacement et du flux de g\u00e8nes entre les populations indig\u00e8nes et commerciales. S\u2019\u00e9tant produit \u00e0 diff\u00e9rents niveaux, ce ph\u00e9nom\u00e8ne est relativement faible pour la sous-esp\u00e8ce <em>A. m. ibenriensis<\/em>, en comparaison d\u2019<em>A. m. mellifera<\/em>, qui a subi un remplacement pratiquement total dans des pays comme l\u2019Allemagne, la France, le Danemark ou la Norv\u00e8ge.<\/p>\n<p style=\"margin-bottom: 0.28cm; line-height: 108%;\" align=\"justify\">\n\t\t\t\t\t\t\t\t<\/div>\n\t\t\t\t<\/div>\n\t\t\t\t<div class=\"elementor-element elementor-element-a933f14 elementor-widget elementor-widget-image\" data-id=\"a933f14\" data-element_type=\"widget\" data-e-type=\"widget\" data-widget_type=\"image.default\">\n\t\t\t\t<div class=\"elementor-widget-container\">\n\t\t\t\t\t\t\t\t\t\t\t\t\t\t\t<img decoding=\"async\" width=\"2048\" height=\"1381\" src=\"https:\/\/i0.wp.com\/erbel.eus\/wp-content\/uploads\/2019\/05\/3.2.2._moztuta.jpg?fit=2048%2C1381&amp;ssl=1\" class=\"attachment-full size-full wp-image-728\" alt=\"\" srcset=\"https:\/\/i0.wp.com\/erbel.eus\/wp-content\/uploads\/2019\/05\/3.2.2._moztuta.jpg?w=2048&amp;ssl=1 2048w, https:\/\/i0.wp.com\/erbel.eus\/wp-content\/uploads\/2019\/05\/3.2.2._moztuta.jpg?resize=300%2C202&amp;ssl=1 300w, https:\/\/i0.wp.com\/erbel.eus\/wp-content\/uploads\/2019\/05\/3.2.2._moztuta.jpg?resize=768%2C518&amp;ssl=1 768w, https:\/\/i0.wp.com\/erbel.eus\/wp-content\/uploads\/2019\/05\/3.2.2._moztuta.jpg?resize=1024%2C691&amp;ssl=1 1024w\" sizes=\"(max-width: 1100px) 100vw, 1100px\" \/>\t\t\t\t\t\t\t\t\t\t\t\t\t\t\t<\/div>\n\t\t\t\t<\/div>\n\t\t\t\t<div class=\"elementor-element elementor-element-0d34ba0 elementor-hidden-tablet elementor-hidden-phone elementor-widget elementor-widget-text-editor\" data-id=\"0d34ba0\" data-element_type=\"widget\" data-e-type=\"widget\" data-widget_type=\"text-editor.default\">\n\t\t\t\t<div class=\"elementor-widget-container\">\n\t\t\t\t\t\t\t\t\t<p>Figure adapt\u00e9e de Miguel et al., 2007. a) R\u00e9partition g\u00e9ographique des haplotypes d&rsquo;ADN mitochondrial au sein des populations \u00e9tudi\u00e9es. Les donn\u00e9es concernant la Belgique (CHI) et la France (BAI, SAB, OUE, VAN, ANN et MON), FOI except\u00e9, proviennent de Garnery et al. (1998). Les donn\u00e9es ADNmt de Perpignan ont \u00e9t\u00e9 incluses mais cette population n&rsquo;a pas \u00e9t\u00e9 utilis\u00e9e pour l&rsquo;analyse des microsatellites, en l&rsquo;absence de donn\u00e9es disponibles.<br \/>\nb) Arbre neighbor-joining de 27 populations ib\u00e9riques, fran\u00e7aises et belges bas\u00e9 sur la g\u00e9n\u00e9tique DA matrice de distance (10 microsatellites).<\/p>\n\t\t\t\t\t\t\t\t<\/div>\n\t\t\t\t<\/div>\n\t\t\t\t<div class=\"elementor-element elementor-element-1e8dffd elementor-hidden-desktop elementor-widget elementor-widget-text-editor\" data-id=\"1e8dffd\" data-element_type=\"widget\" data-e-type=\"widget\" data-widget_type=\"text-editor.default\">\n\t\t\t\t<div class=\"elementor-widget-container\">\n\t\t\t\t\t\t\t\t\t<p>Figure adapt\u00e9e de Miguel et al., 2007. a) R\u00e9partition g\u00e9ographique des haplotypes d&rsquo;ADN mitochondrial au sein des populations \u00e9tudi\u00e9es. Les donn\u00e9es concernant la Belgique (CHI) et la France (BAI, SAB, OUE, VAN, ANN et MON), FOI except\u00e9, proviennent de Garnery et al. (1998). Les donn\u00e9es ADNmt de Perpignan ont \u00e9t\u00e9 incluses mais cette population n&rsquo;a pas \u00e9t\u00e9 utilis\u00e9e pour l&rsquo;analyse des microsatellites, en l&rsquo;absence de donn\u00e9es disponibles.<br \/>\nb) Arbre neighbor-joining de 27 populations ib\u00e9riques, fran\u00e7aises et belges bas\u00e9 sur la g\u00e9n\u00e9tique DA matrice de distance (10 microsatellites).<\/p>\n\t\t\t\t\t\t\t\t<\/div>\n\t\t\t\t<\/div>\n\t\t\t\t\t<\/div>\n\t\t<\/div>\n\t\t\t\t\t<\/div>\n\t\t<\/section>\n\t\t\t\t<section class=\"elementor-section elementor-top-section elementor-element elementor-element-44e62e13 elementor-section-content-middle elementor-section-boxed elementor-section-height-default elementor-section-height-default\" data-id=\"44e62e13\" data-element_type=\"section\" data-e-type=\"section\" data-settings=\"{&quot;background_background&quot;:&quot;classic&quot;}\">\n\t\t\t\t\t\t<div class=\"elementor-container elementor-column-gap-no\">\n\t\t\t\t\t<div class=\"elementor-column elementor-col-100 elementor-top-column elementor-element elementor-element-2a790b1e\" data-id=\"2a790b1e\" data-element_type=\"column\" data-e-type=\"column\">\n\t\t\t<div class=\"elementor-widget-wrap elementor-element-populated\">\n\t\t\t\t\t\t<div class=\"elementor-element elementor-element-b50b7aa elementor-widget elementor-widget-text-editor\" data-id=\"b50b7aa\" data-element_type=\"widget\" data-e-type=\"widget\" data-widget_type=\"text-editor.default\">\n\t\t\t\t<div class=\"elementor-widget-container\">\n\t\t\t\t\t\t\t\t\t<p class=\"western\" align=\"justify\">Si l&rsquo;on en croit Miguel et al. (2007), les principaux facteurs responsables de la diff\u00e9renciation entre les deux sous-esp\u00e8ces de la lign\u00e9e \u00e9volutive M sont les processus de (1) recolonisation postglaciaire, (2) d&rsquo;isolement pour cause de distance et (3) la barri\u00e8re g\u00e9ographique des Pyr\u00e9n\u00e9es.<\/p>\n\t\t\t\t\t\t\t\t<\/div>\n\t\t\t\t<\/div>\n\t\t\t\t<section class=\"elementor-section elementor-inner-section elementor-element elementor-element-6b9497cb elementor-section-content-top elementor-section-boxed elementor-section-height-default elementor-section-height-default\" data-id=\"6b9497cb\" data-element_type=\"section\" data-e-type=\"section\" data-settings=\"{&quot;background_background&quot;:&quot;classic&quot;}\">\n\t\t\t\t\t\t<div class=\"elementor-container elementor-column-gap-no\">\n\t\t\t\t\t<div class=\"elementor-column elementor-col-33 elementor-inner-column elementor-element elementor-element-446adbb5\" data-id=\"446adbb5\" data-element_type=\"column\" data-e-type=\"column\">\n\t\t\t<div class=\"elementor-widget-wrap elementor-element-populated\">\n\t\t\t\t\t\t<div class=\"elementor-element elementor-element-57e3bc9f elementor-widget elementor-widget-heading\" data-id=\"57e3bc9f\" data-element_type=\"widget\" data-e-type=\"widget\" data-widget_type=\"heading.default\">\n\t\t\t\t<div class=\"elementor-widget-container\">\n\t\t\t\t\t<h3 class=\"elementor-heading-title elementor-size-default\">1<\/h3>\t\t\t\t<\/div>\n\t\t\t\t<\/div>\n\t\t\t\t<div class=\"elementor-element elementor-element-4da624dc elementor-widget elementor-widget-text-editor\" data-id=\"4da624dc\" data-element_type=\"widget\" data-e-type=\"widget\" data-widget_type=\"text-editor.default\">\n\t\t\t\t<div class=\"elementor-widget-container\">\n\t\t\t\t\t\t\t\t\t<p class=\"western\" align=\"justify\">Les donn\u00e9es mitochondriales viennent renforcer l&rsquo;hypoth\u00e8se selon laquelle la p\u00e9ninsule ib\u00e9rique aurait servi de refuge glaciaire aux abeilles d&rsquo;Europe occidentale.<br \/>\nLes auteurs indiquent deux voies de recolonisation postglaciaire aux deux extr\u00e9mit\u00e9s des Pyr\u00e9n\u00e9es et sugg\u00e8rent que la voie occidentale fut la plus significative pour le processus de recolonisation. Ainsi, et sans \u00e9carter la possibilit\u00e9 que des refuges au nord des Pyr\u00e9n\u00e9es aient pu subsister, l&rsquo;origine phylog\u00e9n\u00e9tique du patrimoine g\u00e9n\u00e9tique actuel d&rsquo;<em>A. m. mellifera<\/em> serait l&rsquo;anc\u00eatre d&rsquo;<em>A. m. iberiensis<\/em> (Miguel et al., 2007).<\/p>\n\t\t\t\t\t\t\t\t<\/div>\n\t\t\t\t<\/div>\n\t\t\t\t\t<\/div>\n\t\t<\/div>\n\t\t\t\t<div class=\"elementor-column elementor-col-33 elementor-inner-column elementor-element elementor-element-5c21530d\" data-id=\"5c21530d\" data-element_type=\"column\" data-e-type=\"column\">\n\t\t\t<div class=\"elementor-widget-wrap elementor-element-populated\">\n\t\t\t\t\t\t<div class=\"elementor-element elementor-element-2a868967 elementor-widget elementor-widget-heading\" data-id=\"2a868967\" data-element_type=\"widget\" data-e-type=\"widget\" data-widget_type=\"heading.default\">\n\t\t\t\t<div class=\"elementor-widget-container\">\n\t\t\t\t\t<h3 class=\"elementor-heading-title elementor-size-default\">2<\/h3>\t\t\t\t<\/div>\n\t\t\t\t<\/div>\n\t\t\t\t<div class=\"elementor-element elementor-element-4ef50eb5 elementor-widget elementor-widget-text-editor\" data-id=\"4ef50eb5\" data-element_type=\"widget\" data-e-type=\"widget\" data-widget_type=\"text-editor.default\">\n\t\t\t\t<div class=\"elementor-widget-container\">\n\t\t\t\t\t\t\t\t\t<p class=\"western\" align=\"justify\">En outre, les donn\u00e9es nucl\u00e9aires (microsatellites) sugg\u00e8rent un isolement d\u00fb \u00e0 la distance entre les populations de la lign\u00e9e M. En d&rsquo;autres termes, la diff\u00e9renciation g\u00e9n\u00e9tique entre les ruchers s&rsquo;est produite plus ou moins graduellement, cette diff\u00e9renciation \u00e9tant d&rsquo;autant plus importante que la distance g\u00e9ographique s\u00e9parant les deux ruchers est grande.<\/p>\n\t\t\t\t\t\t\t\t<\/div>\n\t\t\t\t<\/div>\n\t\t\t\t\t<\/div>\n\t\t<\/div>\n\t\t\t\t<div class=\"elementor-column elementor-col-33 elementor-inner-column elementor-element elementor-element-2003dc92\" data-id=\"2003dc92\" data-element_type=\"column\" data-e-type=\"column\">\n\t\t\t<div class=\"elementor-widget-wrap elementor-element-populated\">\n\t\t\t\t\t\t<div class=\"elementor-element elementor-element-628c92f elementor-widget elementor-widget-heading\" data-id=\"628c92f\" data-element_type=\"widget\" data-e-type=\"widget\" data-widget_type=\"heading.default\">\n\t\t\t\t<div class=\"elementor-widget-container\">\n\t\t\t\t\t<h3 class=\"elementor-heading-title elementor-size-default\">3<\/h3>\t\t\t\t<\/div>\n\t\t\t\t<\/div>\n\t\t\t\t<div class=\"elementor-element elementor-element-48966426 elementor-widget elementor-widget-text-editor\" data-id=\"48966426\" data-element_type=\"widget\" data-e-type=\"widget\" data-widget_type=\"text-editor.default\">\n\t\t\t\t<div class=\"elementor-widget-container\">\n\t\t\t\t\t\t\t\t\t<p class=\"western\" align=\"justify\">Finalement, les donn\u00e9es nucl\u00e9aires ont \u00e9galement prouv\u00e9, d&rsquo;une mani\u00e8re convaincante, que les Pyr\u00e9n\u00e9es opposent une barri\u00e8re au d\u00e9placement des g\u00e8nes. En d&rsquo;autres termes, la fronti\u00e8re g\u00e9ographique s\u00e9parant les sous-esp\u00e8ces <em>A. m. mellifera <\/em>et <em>A. m. iberiensis<\/em> serait situ\u00e9e sur les Pyr\u00e9n\u00e9es.<\/p>\n\t\t\t\t\t\t\t\t<\/div>\n\t\t\t\t<\/div>\n\t\t\t\t\t<\/div>\n\t\t<\/div>\n\t\t\t\t\t<\/div>\n\t\t<\/section>\n\t\t\t\t\t<\/div>\n\t\t<\/div>\n\t\t\t\t\t<\/div>\n\t\t<\/section>\n\t\t\t\t<section class=\"elementor-section elementor-top-section elementor-element elementor-element-468dbcb elementor-section-boxed elementor-section-height-default elementor-section-height-default\" data-id=\"468dbcb\" data-element_type=\"section\" data-e-type=\"section\">\n\t\t\t\t\t\t<div class=\"elementor-container elementor-column-gap-default\">\n\t\t\t\t\t<div class=\"elementor-column elementor-col-100 elementor-top-column elementor-element elementor-element-e75ea90\" data-id=\"e75ea90\" data-element_type=\"column\" data-e-type=\"column\">\n\t\t\t<div class=\"elementor-widget-wrap elementor-element-populated\">\n\t\t\t\t\t\t<div class=\"elementor-element elementor-element-af5b660 elementor-widget elementor-widget-heading\" data-id=\"af5b660\" data-element_type=\"widget\" data-e-type=\"widget\" data-widget_type=\"heading.default\">\n\t\t\t\t<div class=\"elementor-widget-container\">\n\t\t\t\t\t<h2 class=\"elementor-heading-title elementor-size-default\">MORPHOLOGIE ET STANDARD RACIAL<\/h2>\t\t\t\t<\/div>\n\t\t\t\t<\/div>\n\t\t\t\t<div class=\"elementor-element elementor-element-8752b31 elementor-widget elementor-widget-text-editor\" data-id=\"8752b31\" data-element_type=\"widget\" data-e-type=\"widget\" data-widget_type=\"text-editor.default\">\n\t\t\t\t<div class=\"elementor-widget-container\">\n\t\t\t\t\t\t\t\t\t<p align=\"justify\">Adam (1961) a d\u00e9fini l&rsquo;abeille mellif\u00e8re de la p\u00e9ninsule ib\u00e9rique comme une abeille couleur noir de jais, o\u00f9 l&rsquo;intensit\u00e9 du noir est encore accentu\u00e9 par un tomentum tr\u00e8s \u00e9troit et par une faible pilosit\u00e9. De couleur sombre et uniforme, les reines ont des mouvements rapides et plut\u00f4t nerveux. Elles sont prolifiques et leur grande f\u00e9condit\u00e9 est soumise aux conditions environnementales. En outre, cet auteur consid\u00e8re que les animaux sont vigoureux et restent actifs \u00e0 des temp\u00e9ratures o\u00f9 d&rsquo;autres sous-esp\u00e8ces ne sortent pas de la ruche. Elles ont abondamment recours \u00e0 la propolis et l&rsquo;opercule fermant les cellules pr\u00e9sente un aspect aqueux. Sous l&rsquo;aspect n\u00e9gatif, il faut tenir compte du fait que la larve est sensible \u00e0 certaines maladies.<\/p>\n<p align=\"justify\">En r\u00e8gle g\u00e9n\u00e9rale, on peut dire que les abeilles de race ib\u00e9rique sont des abeilles actives, nerveuses et moyennement agressives. Elles pr\u00e9sentent une pilosit\u00e9 moyenne, un tomentum moyen et une langue longue. Leur indice cubital moyen est proche de 1,8. La tendance \u00e0 essaimer est \u00e9lev\u00e9e quand les conditions sont favorables et cette abeille pr\u00e9sente une certaine tendance au pillage. Elle est parfaitement adapt\u00e9e au milieu et le caract\u00e8re d&rsquo;\u00e9levage est fortement li\u00e9 \u00e0 la disponibilit\u00e9 en aliments.<\/p>\n\t\t\t\t\t\t\t\t<\/div>\n\t\t\t\t<\/div>\n\t\t\t\t<div class=\"elementor-element elementor-element-a6980c5 elementor-widget elementor-widget-image\" data-id=\"a6980c5\" data-element_type=\"widget\" data-e-type=\"widget\" data-widget_type=\"image.default\">\n\t\t\t\t<div class=\"elementor-widget-container\">\n\t\t\t\t\t\t\t\t\t\t\t\t\t\t\t<img decoding=\"async\" width=\"2048\" height=\"1533\" src=\"https:\/\/i0.wp.com\/erbel.eus\/wp-content\/uploads\/2019\/05\/3.3.1._aldatuta-1.jpg?fit=2048%2C1533&amp;ssl=1\" class=\"attachment-full size-full wp-image-953\" alt=\"\" srcset=\"https:\/\/i0.wp.com\/erbel.eus\/wp-content\/uploads\/2019\/05\/3.3.1._aldatuta-1.jpg?w=2048&amp;ssl=1 2048w, https:\/\/i0.wp.com\/erbel.eus\/wp-content\/uploads\/2019\/05\/3.3.1._aldatuta-1.jpg?resize=300%2C225&amp;ssl=1 300w, https:\/\/i0.wp.com\/erbel.eus\/wp-content\/uploads\/2019\/05\/3.3.1._aldatuta-1.jpg?resize=768%2C575&amp;ssl=1 768w, https:\/\/i0.wp.com\/erbel.eus\/wp-content\/uploads\/2019\/05\/3.3.1._aldatuta-1.jpg?resize=1024%2C767&amp;ssl=1 1024w\" sizes=\"(max-width: 1100px) 100vw, 1100px\" \/>\t\t\t\t\t\t\t\t\t\t\t\t\t\t\t<\/div>\n\t\t\t\t<\/div>\n\t\t\t\t<div class=\"elementor-element elementor-element-d94fb25 elementor-widget elementor-widget-text-editor\" data-id=\"d94fb25\" data-element_type=\"widget\" data-e-type=\"widget\" data-widget_type=\"text-editor.default\">\n\t\t\t\t<div class=\"elementor-widget-container\">\n\t\t\t\t\t\t\t\t\t<p style=\"text-align: center;\" align=\"justify\"><span style=\"font-size: small;\">Exemplaire de la sous-esp\u00e8ce <em>A. m. iberiensis<\/em><\/span><\/p>\n<p align=\"justify\">Le tableau suivant (adapt\u00e9 de Cornuet et Fresnaye 1989) pr\u00e9sente les valeurs moyennes de 6 caract\u00e8res moyens mesur\u00e9s dans 20 colonies r\u00e9parties dans toute la p\u00e9ninsule ib\u00e9rique, ainsi que la moyenne g\u00e9n\u00e9rale de la sous-esp\u00e8ce <em>A. m. ibenriensis<\/em>.<\/p>\n\t\t\t\t\t\t\t\t<\/div>\n\t\t\t\t<\/div>\n\t\t\t\t<div class=\"elementor-element elementor-element-d090cd7 elementor-widget elementor-widget-image\" data-id=\"d090cd7\" data-element_type=\"widget\" data-e-type=\"widget\" data-widget_type=\"image.default\">\n\t\t\t\t<div class=\"elementor-widget-container\">\n\t\t\t\t\t\t\t\t\t\t\t\t\t\t\t<img loading=\"lazy\" decoding=\"async\" width=\"1017\" height=\"856\" src=\"https:\/\/i0.wp.com\/erbel.eus\/wp-content\/uploads\/2019\/05\/3.3.2..jpg?fit=1017%2C856&amp;ssl=1\" class=\"attachment-full size-full wp-image-741\" alt=\"\" srcset=\"https:\/\/i0.wp.com\/erbel.eus\/wp-content\/uploads\/2019\/05\/3.3.2..jpg?w=1017&amp;ssl=1 1017w, https:\/\/i0.wp.com\/erbel.eus\/wp-content\/uploads\/2019\/05\/3.3.2..jpg?resize=300%2C253&amp;ssl=1 300w, https:\/\/i0.wp.com\/erbel.eus\/wp-content\/uploads\/2019\/05\/3.3.2..jpg?resize=768%2C646&amp;ssl=1 768w\" sizes=\"(max-width: 1017px) 100vw, 1017px\" \/>\t\t\t\t\t\t\t\t\t\t\t\t\t\t\t<\/div>\n\t\t\t\t<\/div>\n\t\t\t\t<div class=\"elementor-element elementor-element-8e49895 elementor-widget elementor-widget-text-editor\" data-id=\"8e49895\" data-element_type=\"widget\" data-e-type=\"widget\" data-widget_type=\"text-editor.default\">\n\t\t\t\t<div class=\"elementor-widget-container\">\n\t\t\t\t\t\t\t\t\t<p align=\"justify\">Ces r\u00e9sultats moyen ne doivent pas faire oublier la variabilit\u00e9 qui se manifeste par un gradient orient\u00e9 approximativement le long d&rsquo;un axe sud-ouest\/nord-ouest. Les abeilles du sud ont les poils courts (0,27 mm) et une langue longue (6,87 mm), celles du nord au contraire pr\u00e9sentent des poils plus longs (0,32 \u00e0 0,38 mm) et une langue plus courte (6,6 mm environ). M\u00eame si les diff\u00e9rences ne sont pas significatives, on constate une variation parall\u00e8le du tomentum, large au sud (0,71 mm) et qui devient de plus en plus \u00e9troit quand on remonte vers le nord. Enfin, les variations de couleur (significatives) et des veines cubitales (non significatives) indiquent un caract\u00e8re al\u00e9atoire.<\/p>\n\t\t\t\t\t\t\t\t<\/div>\n\t\t\t\t<\/div>\n\t\t\t\t\t<\/div>\n\t\t<\/div>\n\t\t\t\t\t<\/div>\n\t\t<\/section>\n\t\t\t\t<section class=\"elementor-section elementor-top-section elementor-element elementor-element-f03503e elementor-section-boxed elementor-section-height-default elementor-section-height-default\" data-id=\"f03503e\" data-element_type=\"section\" data-e-type=\"section\">\n\t\t\t\t\t\t<div class=\"elementor-container elementor-column-gap-default\">\n\t\t\t\t\t<div class=\"elementor-column elementor-col-100 elementor-top-column elementor-element elementor-element-15208af\" data-id=\"15208af\" data-element_type=\"column\" data-e-type=\"column\">\n\t\t\t<div class=\"elementor-widget-wrap elementor-element-populated\">\n\t\t\t\t\t\t<div class=\"elementor-element elementor-element-1cd16cb elementor-widget elementor-widget-heading\" data-id=\"1cd16cb\" data-element_type=\"widget\" data-e-type=\"widget\" data-widget_type=\"heading.default\">\n\t\t\t\t<div class=\"elementor-widget-container\">\n\t\t\t\t\t<h2 class=\"elementor-heading-title elementor-size-default\">CARACT\u00c9RISATION G\u00c9N\u00c9TIQUE<\/h2>\t\t\t\t<\/div>\n\t\t\t\t<\/div>\n\t\t\t\t<div class=\"elementor-element elementor-element-8054fec elementor-widget elementor-widget-text-editor\" data-id=\"8054fec\" data-element_type=\"widget\" data-e-type=\"widget\" data-widget_type=\"text-editor.default\">\n\t\t\t\t<div class=\"elementor-widget-container\">\n\t\t\t\t\t\t\t\t\t<p align=\"justify\">Il existe de nombreuses \u00e9tudes scientifiques permettant de diff\u00e9rencier entre les deux sous-esp\u00e8ces de la lign\u00e9e M : <em>A. m. mellifera<\/em> et <em>A. m. iberiensis.<\/em><\/p>\n<p align=\"justify\">Dans une \u00e9tude qui couvre la variation de presque tout le g\u00e9nome nucl\u00e9aire, Walberg<em> et al.<\/em> (2014) ont mis en \u00e9vidence une diff\u00e9renciation g\u00e9n\u00e9tique nette tant de la lign\u00e9e M par rapport aux autres lign\u00e9es \u00e9volutives (A, C, O) comme des deux sous-esp\u00e8ces de la lign\u00e9e M entre elles : <em>A. m. iberiensis<\/em> et <em>A. m. mellifera.<\/em><\/p>\n\t\t\t\t\t\t\t\t<\/div>\n\t\t\t\t<\/div>\n\t\t\t\t<div class=\"elementor-element elementor-element-01c14be elementor-widget elementor-widget-image\" data-id=\"01c14be\" data-element_type=\"widget\" data-e-type=\"widget\" data-widget_type=\"image.default\">\n\t\t\t\t<div class=\"elementor-widget-container\">\n\t\t\t\t\t\t\t\t\t\t\t\t\t\t\t<img loading=\"lazy\" decoding=\"async\" width=\"800\" height=\"677\" src=\"https:\/\/i0.wp.com\/erbel.eus\/wp-content\/uploads\/2019\/05\/3.4.1._.jpg?fit=800%2C677&amp;ssl=1\" class=\"attachment-full size-full wp-image-749\" alt=\"\" srcset=\"https:\/\/i0.wp.com\/erbel.eus\/wp-content\/uploads\/2019\/05\/3.4.1._.jpg?w=800&amp;ssl=1 800w, https:\/\/i0.wp.com\/erbel.eus\/wp-content\/uploads\/2019\/05\/3.4.1._.jpg?resize=300%2C254&amp;ssl=1 300w, https:\/\/i0.wp.com\/erbel.eus\/wp-content\/uploads\/2019\/05\/3.4.1._.jpg?resize=768%2C650&amp;ssl=1 768w\" sizes=\"(max-width: 800px) 100vw, 800px\" \/>\t\t\t\t\t\t\t\t\t\t\t\t\t\t\t<\/div>\n\t\t\t\t<\/div>\n\t\t\t\t<div class=\"elementor-element elementor-element-e6fa12b elementor-widget elementor-widget-text-editor\" data-id=\"e6fa12b\" data-element_type=\"widget\" data-e-type=\"widget\" data-widget_type=\"text-editor.default\">\n\t\t\t\t<div class=\"elementor-widget-container\">\n\t\t\t\t\t\t\t\t\t<p style=\"margin-bottom: 0.28cm; line-height: 108%;\" align=\"justify\"><span style=\"font-size: small;\">F<\/span><span style=\"font-size: small;\">igure adapt\u00e9e de Walberg et al. (2014). Arbre Neighbor-joining construit \u00e0 partir des distances bas\u00e9es sur les all\u00e8les partag\u00e9s entre sous-esp\u00e8ces indig\u00e8nes. Les n\u0153uds conduisant aux quatre groupes g\u00e9ographiques support\u00e9s \u00e0 100 % sont marqu\u00e9s d&rsquo;un ast\u00e9risque ; l&rsquo;\u00e9chelle fournit la distance g\u00e9n\u00e9tique brute par site variable. <\/span><\/p>\n<p style=\"margin-bottom: 0.28cm; line-height: 108%;\" align=\"justify\">De m\u00eame, les donn\u00e9es morphologiques et, plus pr\u00e9cis\u00e9ment la morphom\u00e9trie g\u00e9om\u00e9trique de l&rsquo;aile avant, qui concordant avec les donn\u00e9es du g\u00e9nome nucl\u00e9aire, diff\u00e9rencient clairement la lign\u00e9e M des autres lign\u00e9es, ainsi que les deux sous-esp\u00e8ces de la lign\u00e9e M (<em>A. m. iberiensis<\/em> et <em>A. m. mellifera<\/em>) et dessinent, sur les Pyr\u00e9n\u00e9es, une barri\u00e8re au d\u00e9placement des g\u00e8nes, comme on peut l&rsquo;observer sur la figure suivante sign\u00e9e Miguel et al. (2011).<\/p>\n\t\t\t\t\t\t\t\t<\/div>\n\t\t\t\t<\/div>\n\t\t\t\t<div class=\"elementor-element elementor-element-d0ed33e elementor-widget elementor-widget-image\" data-id=\"d0ed33e\" data-element_type=\"widget\" data-e-type=\"widget\" data-widget_type=\"image.default\">\n\t\t\t\t<div class=\"elementor-widget-container\">\n\t\t\t\t\t\t\t\t\t\t\t\t\t\t\t<img loading=\"lazy\" decoding=\"async\" width=\"825\" height=\"576\" src=\"https:\/\/i0.wp.com\/erbel.eus\/wp-content\/uploads\/2019\/05\/3.4.2..jpg?fit=825%2C576&amp;ssl=1\" class=\"attachment-large size-large wp-image-753\" alt=\"\" srcset=\"https:\/\/i0.wp.com\/erbel.eus\/wp-content\/uploads\/2019\/05\/3.4.2..jpg?w=825&amp;ssl=1 825w, https:\/\/i0.wp.com\/erbel.eus\/wp-content\/uploads\/2019\/05\/3.4.2..jpg?resize=300%2C209&amp;ssl=1 300w, https:\/\/i0.wp.com\/erbel.eus\/wp-content\/uploads\/2019\/05\/3.4.2..jpg?resize=768%2C536&amp;ssl=1 768w\" sizes=\"(max-width: 825px) 100vw, 825px\" \/>\t\t\t\t\t\t\t\t\t\t\t\t\t\t\t<\/div>\n\t\t\t\t<\/div>\n\t\t\t\t<div class=\"elementor-element elementor-element-313b427 elementor-widget elementor-widget-text-editor\" data-id=\"313b427\" data-element_type=\"widget\" data-e-type=\"widget\" data-widget_type=\"text-editor.default\">\n\t\t\t\t<div class=\"elementor-widget-container\">\n\t\t\t\t\t\t\t\t\t<p style=\"margin-bottom: 0.28cm; line-height: 108%;\" align=\"justify\"><span style=\"font-size: small;\">Figure adapt\u00e9e de Miguel et al. (2011). Arbre neighbor-joining \u00e0 partir de la matrice de distance Mahalanobis D2 bas\u00e9e sur les donn\u00e9es morphom\u00e9triques g\u00e9om\u00e9triques de l&rsquo;aile avant, avec 19 points de r\u00e9f\u00e9rence de 663 colonies situ\u00e9es dans 18 localit\u00e9s de toutes la p\u00e9ninsule ib\u00e9rique (<em>A. m. iberiensis<\/em>), 5 en France et en Belgique (<em>A. m. mellifera<\/em>) et 4 autres correspondant aux sous-esp\u00e8ces <em>A. m. ligustica<\/em>, <em>A. m. macedonica<\/em>, <em>A. m. intermissa<\/em> et<em> A. m. major<\/em>.<\/span><\/p>\n<p align=\"justify\">Cette diff\u00e9renciation g\u00e9n\u00e9tique a permis de mettre au point des outils g\u00e9n\u00e9tiques pour certifier qu&rsquo;une abeille appartient bien \u00e0 la sous-esp\u00e8ce <em>A. m. iberiensis<\/em> et servant d&rsquo;appui pour la conduite, la s\u00e9lection et la conservation des sous-esp\u00e8ces d&rsquo;abeilles mellif\u00e8res. Ainsi, Mu\u00f1oz et al. (2015) et Henriques et al. (2018) proposent un outil g\u00e9n\u00e9tique hautement discriminant et \u00e0 bas co\u00fbt, bas\u00e9 sur le g\u00e9notypage d&rsquo;un petit nombre de marqueurs SNP afin de v\u00e9rifier l&rsquo;origine d&rsquo;individus des sous-esp\u00e8ces<em> A. m. Iberiensis<\/em> et <em>A. m. mellifera <\/em>respectivement et pour fournir des estimations pr\u00e9cises du niveau d&rsquo;introgression de la lign\u00e9e C dans son g\u00e9nome. De m\u00eame, le projet europ\u00e9en Smartbees (2014-2018) a comme objectif de d\u00e9velopper un panel de SNP pour le diagnostic des populations des sous-esp\u00e8ces d&rsquo;abeilles en Europe.<\/p>\n\t\t\t\t\t\t\t\t<\/div>\n\t\t\t\t<\/div>\n\t\t\t\t\t<\/div>\n\t\t<\/div>\n\t\t\t\t\t<\/div>\n\t\t<\/section>\n\t\t\t\t<section class=\"elementor-section elementor-top-section elementor-element elementor-element-c57e82a elementor-section-boxed elementor-section-height-default elementor-section-height-default\" data-id=\"c57e82a\" data-element_type=\"section\" data-e-type=\"section\">\n\t\t\t\t\t\t<div class=\"elementor-container elementor-column-gap-default\">\n\t\t\t\t\t<div class=\"elementor-column elementor-col-100 elementor-top-column elementor-element elementor-element-63cd3d6\" data-id=\"63cd3d6\" data-element_type=\"column\" data-e-type=\"column\">\n\t\t\t<div class=\"elementor-widget-wrap elementor-element-populated\">\n\t\t\t\t\t\t<div class=\"elementor-element elementor-element-98cd69f elementor-widget elementor-widget-heading\" data-id=\"98cd69f\" data-element_type=\"widget\" data-e-type=\"widget\" data-widget_type=\"heading.default\">\n\t\t\t\t<div class=\"elementor-widget-container\">\n\t\t\t\t\t<h2 class=\"elementor-heading-title elementor-size-default\">IMPORTANCE DE LA POPULATION ET VARIABILIT\u00c9 G\u00c9N\u00c9TIQUE<\/h2>\t\t\t\t<\/div>\n\t\t\t\t<\/div>\n\t\t\t\t\t<\/div>\n\t\t<\/div>\n\t\t\t\t\t<\/div>\n\t\t<\/section>\n\t\t\t\t<section class=\"elementor-section elementor-top-section elementor-element elementor-element-c7bca35 elementor-section-boxed elementor-section-height-default elementor-section-height-default\" data-id=\"c7bca35\" data-element_type=\"section\" data-e-type=\"section\">\n\t\t\t\t\t\t<div class=\"elementor-container elementor-column-gap-default\">\n\t\t\t\t\t<div class=\"elementor-column elementor-col-50 elementor-top-column elementor-element elementor-element-dde1b79\" data-id=\"dde1b79\" data-element_type=\"column\" data-e-type=\"column\">\n\t\t\t<div class=\"elementor-widget-wrap elementor-element-populated\">\n\t\t\t\t\t\t<div class=\"elementor-element elementor-element-03952fd elementor-widget elementor-widget-text-editor\" data-id=\"03952fd\" data-element_type=\"widget\" data-e-type=\"widget\" data-widget_type=\"text-editor.default\">\n\t\t\t\t<div class=\"elementor-widget-container\">\n\t\t\t\t\t\t\t\t\t<p align=\"justify\">Walberg et al. (2014) mettent en \u00e9vidence que la taille des populations d&rsquo;abeilles a beaucoup fluctu\u00e9 au cours de l&rsquo;histoire et que ces fluctuations ont suivi les changements climatiques. Ils observent \u00e9galement que les populations contemporaines pr\u00e9sentent une grande diversit\u00e9 g\u00e9n\u00e9tique, ce qui indique l&rsquo;absence de goulots d&rsquo;\u00e9tranglement dans la domestication.<\/p>\n<p align=\"justify\">Comme on peut l&rsquo;observer sur le tableau ci-dessus, l&rsquo;abeille ib\u00e9rique est la sous-esp\u00e8ce pr\u00e9sentant le plus grand degr\u00e9 de diversit\u00e9 parmi toutes les sous-esp\u00e8ces d&rsquo;abeilles europ\u00e9ennes (lign\u00e9es M, C et O). Bien qu&rsquo;il s&rsquo;inscrive dans la lign\u00e9e \u00e9volutive M, l&rsquo;ADN mitochondrial de cette sous-esp\u00e8ce pr\u00e9sente un gradient nord-sud caract\u00e9ristique. Tandis que les populations du nord de la p\u00e9ninsule poss\u00e8dent, avec une fr\u00e9quence majoritaire, des haplotypes M (repr\u00e9sent\u00e9s en bleu sur la fig. 4), les populations du sud de la p\u00e9ninsule pr\u00e9sentent majoritairement des haplotypes de la lign\u00e9e A (repr\u00e9sent\u00e9s en rouge sur la fig. 4A), caract\u00e9ristiques de l&rsquo;Afrique du Nord. Ce patron est certainement imputable aux introductions humaines depuis l&rsquo;Afrique du Nord par les arabes au cours de l&rsquo;occupation musulmane de la p\u00e9ninsule, ajout\u00e9es \u00e0 l&rsquo;effet de la s\u00e9lection naturelle qui a permis de conserver ce patron de haute diversit\u00e9 (Garnery et al. 1998 ; Miguel et al. 2011 ; C\u00e1novas et al. 2014). Outre cette variation au sein de la sous-esp\u00e8ce, l&rsquo;\u00e9tude du g\u00e9nome nucl\u00e9aire de celle-ci a mis en \u00e9vidence l&rsquo;existence d&rsquo;au moins trois sous-populations dans la p\u00e9ninsule ib\u00e9rique (figure 4B) dont la diff\u00e9renciation est due, principalement, \u00e0 des pressions s\u00e9lectives exerc\u00e9es par les diff\u00e9rents niveaux d&rsquo;insolation, de temp\u00e9rature et de pr\u00e9cipitation dans chaque r\u00e9gion (Ch\u00e1vez-Galarza et al. 2013).<\/p>\n\t\t\t\t\t\t\t\t<\/div>\n\t\t\t\t<\/div>\n\t\t\t\t\t<\/div>\n\t\t<\/div>\n\t\t\t\t<div class=\"elementor-column elementor-col-50 elementor-top-column elementor-element elementor-element-7e7f1a3\" data-id=\"7e7f1a3\" data-element_type=\"column\" data-e-type=\"column\">\n\t\t\t<div class=\"elementor-widget-wrap elementor-element-populated\">\n\t\t\t\t\t\t<div class=\"elementor-element elementor-element-742b689 elementor-widget elementor-widget-image\" data-id=\"742b689\" data-element_type=\"widget\" data-e-type=\"widget\" data-widget_type=\"image.default\">\n\t\t\t\t<div class=\"elementor-widget-container\">\n\t\t\t\t\t\t\t\t\t\t\t\t\t\t\t<img loading=\"lazy\" decoding=\"async\" width=\"827\" height=\"1024\" src=\"https:\/\/i0.wp.com\/erbel.eus\/wp-content\/uploads\/2019\/05\/3.5.1..jpg?fit=827%2C1024&amp;ssl=1\" class=\"attachment-large size-large wp-image-756\" alt=\"\" srcset=\"https:\/\/i0.wp.com\/erbel.eus\/wp-content\/uploads\/2019\/05\/3.5.1..jpg?w=974&amp;ssl=1 974w, https:\/\/i0.wp.com\/erbel.eus\/wp-content\/uploads\/2019\/05\/3.5.1..jpg?resize=242%2C300&amp;ssl=1 242w, https:\/\/i0.wp.com\/erbel.eus\/wp-content\/uploads\/2019\/05\/3.5.1..jpg?resize=768%2C951&amp;ssl=1 768w, https:\/\/i0.wp.com\/erbel.eus\/wp-content\/uploads\/2019\/05\/3.5.1..jpg?resize=827%2C1024&amp;ssl=1 827w\" sizes=\"(max-width: 827px) 100vw, 827px\" \/>\t\t\t\t\t\t\t\t\t\t\t\t\t\t\t<\/div>\n\t\t\t\t<\/div>\n\t\t\t\t<div class=\"elementor-element elementor-element-8c858c2 elementor-widget elementor-widget-text-editor\" data-id=\"8c858c2\" data-element_type=\"widget\" data-e-type=\"widget\" data-widget_type=\"text-editor.default\">\n\t\t\t\t<div class=\"elementor-widget-container\">\n\t\t\t\t\t\t\t\t\t<p style=\"margin-top: 0.49cm; margin-bottom: 0.49cm; line-height: 100%;\" align=\"justify\"><span style=\"font-family: Times New Roman, serif;\"><span style=\"font-size: medium;\"><span style=\"font-size: small;\">Figure adapt\u00e9e de Walberg et al. (2014). Par sous-esp\u00e8ce et par lign\u00e9e \u00e9volutive : le nombre d&rsquo;\u00e9chantillons analys\u00e9s, le nombre de SNP variables d\u00e9tect\u00e9s, le taux de mutation de la population par base (\u03b8w) et la taille effective de la population (Ne).<\/span><\/span><\/span><\/p>\n\t\t\t\t\t\t\t\t<\/div>\n\t\t\t\t<\/div>\n\t\t\t\t\t<\/div>\n\t\t<\/div>\n\t\t\t\t\t<\/div>\n\t\t<\/section>\n\t\t\t\t<section class=\"elementor-section elementor-top-section elementor-element elementor-element-6dcac89 elementor-section-content-middle elementor-section-boxed elementor-section-height-default elementor-section-height-default\" data-id=\"6dcac89\" data-element_type=\"section\" data-e-type=\"section\">\n\t\t\t\t\t\t<div class=\"elementor-container elementor-column-gap-default\">\n\t\t\t\t\t<div class=\"elementor-column elementor-col-100 elementor-top-column elementor-element elementor-element-922cf02\" data-id=\"922cf02\" data-element_type=\"column\" data-e-type=\"column\">\n\t\t\t<div class=\"elementor-widget-wrap elementor-element-populated\">\n\t\t\t\t\t\t<div class=\"elementor-element elementor-element-91314f1 elementor-widget elementor-widget-image\" data-id=\"91314f1\" data-element_type=\"widget\" data-e-type=\"widget\" data-widget_type=\"image.default\">\n\t\t\t\t<div class=\"elementor-widget-container\">\n\t\t\t\t\t\t\t\t\t\t\t\t\t\t\t<img loading=\"lazy\" decoding=\"async\" width=\"1024\" height=\"404\" src=\"https:\/\/i0.wp.com\/erbel.eus\/wp-content\/uploads\/2019\/05\/3.5.2..jpg?fit=1024%2C404&amp;ssl=1\" class=\"attachment-large size-large wp-image-761\" alt=\"\" srcset=\"https:\/\/i0.wp.com\/erbel.eus\/wp-content\/uploads\/2019\/05\/3.5.2..jpg?w=1436&amp;ssl=1 1436w, https:\/\/i0.wp.com\/erbel.eus\/wp-content\/uploads\/2019\/05\/3.5.2..jpg?resize=300%2C118&amp;ssl=1 300w, https:\/\/i0.wp.com\/erbel.eus\/wp-content\/uploads\/2019\/05\/3.5.2..jpg?resize=768%2C303&amp;ssl=1 768w, https:\/\/i0.wp.com\/erbel.eus\/wp-content\/uploads\/2019\/05\/3.5.2..jpg?resize=1024%2C404&amp;ssl=1 1024w\" sizes=\"(max-width: 1024px) 100vw, 1024px\" \/>\t\t\t\t\t\t\t\t\t\t\t\t\t\t\t<\/div>\n\t\t\t\t<\/div>\n\t\t\t\t<div class=\"elementor-element elementor-element-1454e78 elementor-widget elementor-widget-text-editor\" data-id=\"1454e78\" data-element_type=\"widget\" data-e-type=\"widget\" data-widget_type=\"text-editor.default\">\n\t\t\t\t<div class=\"elementor-widget-container\">\n\t\t\t\t\t\t\t\t\t<p style=\"margin-bottom: 0.35cm; line-height: 115%;\" align=\"justify\"><span style=\"font-family: Times New Roman, serif;\"><span style=\"font-size: medium;\"><span style=\"font-size: small;\">Carte de la p\u00e9ninsule ib\u00e9rique montrant les niveaux de diversit\u00e9 g\u00e9n\u00e9tique de la sous-esp\u00e8ce <em>A. m. iberiensis<\/em>. Les lignes noires continues indiquent la s\u00e9paration entre la sous-esp\u00e8ce ib\u00e9rique et les sous-esp\u00e8ces <em>A. m. mellifera<\/em> (au nord des Pyr\u00e9n\u00e9es) et <em>A. m. intermissa<\/em> (en Afrique du Nord). Les lignes pointill\u00e9es noires repr\u00e9sentent les diff\u00e9rentes populations de la sous-esp\u00e8ce ib\u00e9rique. (A) Gradient nord-sud des fr\u00e9quences haplotypiques caract\u00e9ristiques des lign\u00e9es M (bleu) et A (rouge) bas\u00e9 sur les \u00e9tudes de l&rsquo;ADN mitochondrial. La fl\u00e8che en diagonale indique le sens du gradient. La fl\u00e8che rouge indique le sens d&rsquo;introduction artificielle des populations d&rsquo;Afrique du Nord. (B) Population d&rsquo;<em>A. m. iberiensis<\/em> pr\u00e9sentes dans la p\u00e9ninsule ib\u00e9rique sur la base des \u00e9tudes de l&rsquo;ADN nucl\u00e9aire.<\/span><\/span><\/span><\/p>\n\t\t\t\t\t\t\t\t<\/div>\n\t\t\t\t<\/div>\n\t\t\t\t\t<\/div>\n\t\t<\/div>\n\t\t\t\t\t<\/div>\n\t\t<\/section>\n\t\t\t\t<section class=\"elementor-section elementor-top-section elementor-element elementor-element-139c0b2 elementor-section-boxed elementor-section-height-default elementor-section-height-default\" data-id=\"139c0b2\" data-element_type=\"section\" data-e-type=\"section\">\n\t\t\t\t\t\t<div class=\"elementor-container elementor-column-gap-default\">\n\t\t\t\t\t<div class=\"elementor-column elementor-col-100 elementor-top-column elementor-element elementor-element-f044995\" data-id=\"f044995\" data-element_type=\"column\" data-e-type=\"column\">\n\t\t\t<div class=\"elementor-widget-wrap elementor-element-populated\">\n\t\t\t\t\t\t<div class=\"elementor-element elementor-element-227bc34 elementor-widget elementor-widget-heading\" data-id=\"227bc34\" data-element_type=\"widget\" data-e-type=\"widget\" data-widget_type=\"heading.default\">\n\t\t\t\t<div class=\"elementor-widget-container\">\n\t\t\t\t\t<h2 class=\"elementor-heading-title elementor-size-default\">BESOIN D\u00b4UN PROGRAMME D'AM\u00c9LIORATION G\u00c9N\u00c9TIQUE<\/h2>\t\t\t\t<\/div>\n\t\t\t\t<\/div>\n\t\t\t\t<div class=\"elementor-element elementor-element-cd63dbb elementor-widget elementor-widget-text-editor\" data-id=\"cd63dbb\" data-element_type=\"widget\" data-e-type=\"widget\" data-widget_type=\"text-editor.default\">\n\t\t\t\t<div class=\"elementor-widget-container\">\n\t\t\t\t\t\t\t\t\t<p class=\"western\" align=\"justify\">Il est patent que les populations locales d&rsquo;abeilles pr\u00e9sentent un niveau de diversit\u00e9 id\u00e9al pour s&rsquo;adapter aux changements environnementaux et aux conditions de leur \u00e9cosyst\u00e8me. En cons\u00e9quence, les populations locales sont d&rsquo;autant plus productives qu&rsquo;elles vivent dans leur \u00e9cosyst\u00e8me. Concr\u00e8tement, la population locale de la p\u00e9ninsule ib\u00e9rique, m\u00eame bien adapt\u00e9e \u00e0 son milieu, fait preuve d&rsquo;un fort comportement d\u00e9fensif et d&rsquo;une tendance \u00e0 l&rsquo;essaimage. Elle est sensible \u00e0 l&rsquo;infection par l&rsquo;acarien varroa. Ces trois caract\u00e8res ne sont pas souhaitables pour les apiculteurs. En effet, d&rsquo;une part, des abeilles plus dociles faciliteraient le travail de routine et permettrait \u00e0 l&rsquo;apiculteur de prendre plus de plaisir \u00e0 c\u00f4toyer ses abeilles qui seraient aussi plus productives et, en dernier lieu, les abeilles r\u00e9sistantes \u00e0 la varroase r\u00e9duiraient l&#8217;emploi d&rsquo;acaricides et faciliteraient leur conduite. Ce qui d\u00e9bouche sur une augmentation de la production. La recherche des caract\u00e9ristiques mentionn\u00e9es a provoqu\u00e9, au cours des 20 derni\u00e8res ann\u00e9es, l&rsquo;introduction d&rsquo;autres sous-esp\u00e8ces non locales (et hybrides), en particulier <em>A. m. ligustica<\/em> et Buckfast, lesquelles menacent la diversit\u00e9 naturelle de la population locale du fait de croisements incontr\u00f4l\u00e9s entre les sous-esp\u00e8ces locale et \u00e9trang\u00e8res.<\/p>\n\t\t\t\t\t\t\t\t<\/div>\n\t\t\t\t<\/div>\n\t\t\t\t<div class=\"elementor-element elementor-element-cce989c elementor-widget elementor-widget-image\" data-id=\"cce989c\" data-element_type=\"widget\" data-e-type=\"widget\" data-widget_type=\"image.default\">\n\t\t\t\t<div class=\"elementor-widget-container\">\n\t\t\t\t\t\t\t\t\t\t\t\t\t\t\t<img loading=\"lazy\" decoding=\"async\" width=\"1024\" height=\"620\" src=\"https:\/\/i0.wp.com\/erbel.eus\/wp-content\/uploads\/2019\/05\/3.6_.jpg?fit=1024%2C620&amp;ssl=1\" class=\"attachment-large size-large wp-image-769\" alt=\"\" srcset=\"https:\/\/i0.wp.com\/erbel.eus\/wp-content\/uploads\/2019\/05\/3.6_.jpg?w=2048&amp;ssl=1 2048w, https:\/\/i0.wp.com\/erbel.eus\/wp-content\/uploads\/2019\/05\/3.6_.jpg?resize=300%2C182&amp;ssl=1 300w, https:\/\/i0.wp.com\/erbel.eus\/wp-content\/uploads\/2019\/05\/3.6_.jpg?resize=768%2C465&amp;ssl=1 768w, https:\/\/i0.wp.com\/erbel.eus\/wp-content\/uploads\/2019\/05\/3.6_.jpg?resize=1024%2C620&amp;ssl=1 1024w\" sizes=\"(max-width: 1024px) 100vw, 1024px\" \/>\t\t\t\t\t\t\t\t\t\t\t\t\t\t\t<\/div>\n\t\t\t\t<\/div>\n\t\t\t\t<div class=\"elementor-element elementor-element-db4fb2b elementor-widget elementor-widget-text-editor\" data-id=\"db4fb2b\" data-element_type=\"widget\" data-e-type=\"widget\" data-widget_type=\"text-editor.default\">\n\t\t\t\t<div class=\"elementor-widget-container\">\n\t\t\t\t\t\t\t\t\t<p class=\"western\" align=\"justify\">Plac\u00e9s devant ce fait, notre objectif est de maintenir et de promouvoir la diversit\u00e9 g\u00e9n\u00e9tique de la sous-esp\u00e8ce <em>A. m. iberiensis<\/em>. Il est n\u00e9cessaire pour cela de s\u00e9lectionner les populations locales pour obtenir des abeilles pr\u00e9sentant des caract\u00e8res int\u00e9ressants pour les apiculteurs et pour qu&rsquo;elles soient pr\u00e9f\u00e9r\u00e9es. Cela permettra d&rsquo;\u00e9viter les importations d&rsquo;abeilles \u00e9trang\u00e8res et favorisera la pr\u00e9servation de la diversit\u00e9 des populations locales d&rsquo;abeilles noires autochtones.<\/p>\n\t\t\t\t\t\t\t\t<\/div>\n\t\t\t\t<\/div>\n\t\t\t\t\t<\/div>\n\t\t<\/div>\n\t\t\t\t\t<\/div>\n\t\t<\/section>\n\t\t\t\t<\/div>\n\t\t","protected":false},"excerpt":{"rendered":"<p>ABEILLE NOIRE NOM DE LA RACE Quant au terme \u00ab race \u00bb, c&rsquo;est un concept culturel li\u00e9 \u00e0 l&rsquo;existence d&rsquo;esp\u00e8ces d&rsquo;animaux domestiques. Bien qu&rsquo;il s&rsquo;agisse d&rsquo;insectes, les abeilles mellif\u00e8res (Apis mellifera, Linn\u00e9 1758) sont consid\u00e9r\u00e9es comme des animaux domestiques et, nous pouvons donc nous rapporter \u00e0 la zootechnie pour d\u00e9crire les diff\u00e9rentes races d&rsquo;abeilles (Padilla &#8230; <a title=\"L&rsquo;ABEILLE\" class=\"read-more\" href=\"https:\/\/erbel.eus\/fr\/labeille\/\" aria-label=\"More on L&rsquo;ABEILLE\">Read More<\/a><\/p>\n","protected":false},"author":1,"featured_media":0,"parent":0,"menu_order":0,"comment_status":"closed","ping_status":"closed","template":"","meta":{"_bbp_topic_count":0,"_bbp_reply_count":0,"_bbp_total_topic_count":0,"_bbp_total_reply_count":0,"_bbp_voice_count":0,"_bbp_anonymous_reply_count":0,"_bbp_topic_count_hidden":0,"_bbp_reply_count_hidden":0,"_bbp_forum_subforum_count":0,"footnotes":""},"class_list":["post-319","page","type-page","status-publish"],"yoast_head":"<!-- This site is optimized with the Yoast SEO plugin v26.8 - https:\/\/yoast.com\/product\/yoast-seo-wordpress\/ -->\n<title>L&#039;ABEILLE &#8226; ERBEL<\/title>\n<meta name=\"robots\" content=\"index, follow, max-snippet:-1, max-image-preview:large, max-video-preview:-1\" \/>\n<link rel=\"canonical\" href=\"https:\/\/erbel.eus\/eu\/erlea\/\" \/>\n<meta property=\"og:locale\" content=\"fr_FR\" \/>\n<meta property=\"og:type\" content=\"article\" \/>\n<meta property=\"og:title\" content=\"L&#039;ABEILLE &#8226; ERBEL\" \/>\n<meta property=\"og:description\" content=\"ABEILLE NOIRE NOM DE LA RACE Quant au terme \u00ab race \u00bb, c&rsquo;est un concept culturel li\u00e9 \u00e0 l&rsquo;existence d&rsquo;esp\u00e8ces d&rsquo;animaux domestiques. Bien qu&rsquo;il s&rsquo;agisse d&rsquo;insectes, les abeilles mellif\u00e8res (Apis mellifera, Linn\u00e9 1758) sont consid\u00e9r\u00e9es comme des animaux domestiques et, nous pouvons donc nous rapporter \u00e0 la zootechnie pour d\u00e9crire les diff\u00e9rentes races d&rsquo;abeilles (Padilla ... Read More\" \/>\n<meta property=\"og:url\" content=\"https:\/\/erbel.eus\/eu\/erlea\/\" \/>\n<meta property=\"og:site_name\" content=\"ERBEL\" \/>\n<meta property=\"article:modified_time\" content=\"2024-09-27T13:43:27+00:00\" \/>\n<meta property=\"og:image\" content=\"https:\/\/erbel.eus\/wp-content\/uploads\/2019\/05\/3.2.A.jpg\" \/>\n<meta name=\"twitter:card\" content=\"summary_large_image\" \/>\n<meta name=\"twitter:label1\" content=\"Dur\u00e9e de lecture estim\u00e9e\" \/>\n\t<meta name=\"twitter:data1\" content=\"16 minutes\" \/>\n<script type=\"application\/ld+json\" class=\"yoast-schema-graph\">{\"@context\":\"https:\/\/schema.org\",\"@graph\":[{\"@type\":\"WebPage\",\"@id\":\"https:\/\/erbel.eus\/eu\/erlea\/\",\"url\":\"https:\/\/erbel.eus\/eu\/erlea\/\",\"name\":\"L'ABEILLE &#8226; ERBEL\",\"isPartOf\":{\"@id\":\"https:\/\/erbel.eus\/#website\"},\"primaryImageOfPage\":{\"@id\":\"https:\/\/erbel.eus\/eu\/erlea\/#primaryimage\"},\"image\":{\"@id\":\"https:\/\/erbel.eus\/eu\/erlea\/#primaryimage\"},\"thumbnailUrl\":\"https:\/\/erbel.eus\/wp-content\/uploads\/2019\/05\/3.2.A.jpg\",\"datePublished\":\"2019-04-17T08:47:46+00:00\",\"dateModified\":\"2024-09-27T13:43:27+00:00\",\"breadcrumb\":{\"@id\":\"https:\/\/erbel.eus\/eu\/erlea\/#breadcrumb\"},\"inLanguage\":\"fr-FR\",\"potentialAction\":[{\"@type\":\"ReadAction\",\"target\":[\"https:\/\/erbel.eus\/eu\/erlea\/\"]}]},{\"@type\":\"ImageObject\",\"inLanguage\":\"fr-FR\",\"@id\":\"https:\/\/erbel.eus\/eu\/erlea\/#primaryimage\",\"url\":\"https:\/\/erbel.eus\/wp-content\/uploads\/2019\/05\/3.2.A.jpg\",\"contentUrl\":\"https:\/\/erbel.eus\/wp-content\/uploads\/2019\/05\/3.2.A.jpg\"},{\"@type\":\"BreadcrumbList\",\"@id\":\"https:\/\/erbel.eus\/eu\/erlea\/#breadcrumb\",\"itemListElement\":[{\"@type\":\"ListItem\",\"position\":1,\"name\":\"Home\",\"item\":\"https:\/\/erbel.eus\/\"},{\"@type\":\"ListItem\",\"position\":2,\"name\":\"L&#8217;ABEILLE\"}]},{\"@type\":\"WebSite\",\"@id\":\"https:\/\/erbel.eus\/#website\",\"url\":\"https:\/\/erbel.eus\/\",\"name\":\"ERBEL\",\"description\":\" Erle Beltz Hazleen Elkartea - Asociacion de criadores de abeja Erle Beltza - Association d&#039;eleveurs d&#039;abeilles Erle Beltza\",\"publisher\":{\"@id\":\"https:\/\/erbel.eus\/#organization\"},\"potentialAction\":[{\"@type\":\"SearchAction\",\"target\":{\"@type\":\"EntryPoint\",\"urlTemplate\":\"https:\/\/erbel.eus\/?s={search_term_string}\"},\"query-input\":{\"@type\":\"PropertyValueSpecification\",\"valueRequired\":true,\"valueName\":\"search_term_string\"}}],\"inLanguage\":\"fr-FR\"},{\"@type\":\"Organization\",\"@id\":\"https:\/\/erbel.eus\/#organization\",\"name\":\"ERBEL Erle Beltza Hazleen Elkartea\",\"url\":\"https:\/\/erbel.eus\/\",\"logo\":{\"@type\":\"ImageObject\",\"inLanguage\":\"fr-FR\",\"@id\":\"https:\/\/erbel.eus\/#\/schema\/logo\/image\/\",\"url\":\"https:\/\/i0.wp.com\/erbel.eus\/wp-content\/uploads\/2019\/05\/erbel_erleak_denak-beltz.png?fit=300%2C316&ssl=1\",\"contentUrl\":\"https:\/\/i0.wp.com\/erbel.eus\/wp-content\/uploads\/2019\/05\/erbel_erleak_denak-beltz.png?fit=300%2C316&ssl=1\",\"width\":300,\"height\":316,\"caption\":\"ERBEL Erle Beltza Hazleen Elkartea\"},\"image\":{\"@id\":\"https:\/\/erbel.eus\/#\/schema\/logo\/image\/\"},\"sameAs\":[\"https:\/\/www.youtube.com\/channel\/UCNkgIS3GnpMESbnykKUIqgw\"]}]}<\/script>\n<!-- \/ Yoast SEO plugin. -->","yoast_head_json":{"title":"L'ABEILLE &#8226; ERBEL","robots":{"index":"index","follow":"follow","max-snippet":"max-snippet:-1","max-image-preview":"max-image-preview:large","max-video-preview":"max-video-preview:-1"},"canonical":"https:\/\/erbel.eus\/eu\/erlea\/","og_locale":"fr_FR","og_type":"article","og_title":"L'ABEILLE &#8226; ERBEL","og_description":"ABEILLE NOIRE NOM DE LA RACE Quant au terme \u00ab race \u00bb, c&rsquo;est un concept culturel li\u00e9 \u00e0 l&rsquo;existence d&rsquo;esp\u00e8ces d&rsquo;animaux domestiques. Bien qu&rsquo;il s&rsquo;agisse d&rsquo;insectes, les abeilles mellif\u00e8res (Apis mellifera, Linn\u00e9 1758) sont consid\u00e9r\u00e9es comme des animaux domestiques et, nous pouvons donc nous rapporter \u00e0 la zootechnie pour d\u00e9crire les diff\u00e9rentes races d&rsquo;abeilles (Padilla ... Read More","og_url":"https:\/\/erbel.eus\/eu\/erlea\/","og_site_name":"ERBEL","article_modified_time":"2024-09-27T13:43:27+00:00","og_image":[{"url":"https:\/\/erbel.eus\/wp-content\/uploads\/2019\/05\/3.2.A.jpg","type":"","width":"","height":""}],"twitter_card":"summary_large_image","twitter_misc":{"Dur\u00e9e de lecture estim\u00e9e":"16 minutes"},"schema":{"@context":"https:\/\/schema.org","@graph":[{"@type":"WebPage","@id":"https:\/\/erbel.eus\/eu\/erlea\/","url":"https:\/\/erbel.eus\/eu\/erlea\/","name":"L'ABEILLE &#8226; ERBEL","isPartOf":{"@id":"https:\/\/erbel.eus\/#website"},"primaryImageOfPage":{"@id":"https:\/\/erbel.eus\/eu\/erlea\/#primaryimage"},"image":{"@id":"https:\/\/erbel.eus\/eu\/erlea\/#primaryimage"},"thumbnailUrl":"https:\/\/erbel.eus\/wp-content\/uploads\/2019\/05\/3.2.A.jpg","datePublished":"2019-04-17T08:47:46+00:00","dateModified":"2024-09-27T13:43:27+00:00","breadcrumb":{"@id":"https:\/\/erbel.eus\/eu\/erlea\/#breadcrumb"},"inLanguage":"fr-FR","potentialAction":[{"@type":"ReadAction","target":["https:\/\/erbel.eus\/eu\/erlea\/"]}]},{"@type":"ImageObject","inLanguage":"fr-FR","@id":"https:\/\/erbel.eus\/eu\/erlea\/#primaryimage","url":"https:\/\/erbel.eus\/wp-content\/uploads\/2019\/05\/3.2.A.jpg","contentUrl":"https:\/\/erbel.eus\/wp-content\/uploads\/2019\/05\/3.2.A.jpg"},{"@type":"BreadcrumbList","@id":"https:\/\/erbel.eus\/eu\/erlea\/#breadcrumb","itemListElement":[{"@type":"ListItem","position":1,"name":"Home","item":"https:\/\/erbel.eus\/"},{"@type":"ListItem","position":2,"name":"L&#8217;ABEILLE"}]},{"@type":"WebSite","@id":"https:\/\/erbel.eus\/#website","url":"https:\/\/erbel.eus\/","name":"ERBEL","description":" Erle Beltz Hazleen Elkartea - Asociacion de criadores de abeja Erle Beltza - Association d&#039;eleveurs d&#039;abeilles Erle Beltza","publisher":{"@id":"https:\/\/erbel.eus\/#organization"},"potentialAction":[{"@type":"SearchAction","target":{"@type":"EntryPoint","urlTemplate":"https:\/\/erbel.eus\/?s={search_term_string}"},"query-input":{"@type":"PropertyValueSpecification","valueRequired":true,"valueName":"search_term_string"}}],"inLanguage":"fr-FR"},{"@type":"Organization","@id":"https:\/\/erbel.eus\/#organization","name":"ERBEL Erle Beltza Hazleen Elkartea","url":"https:\/\/erbel.eus\/","logo":{"@type":"ImageObject","inLanguage":"fr-FR","@id":"https:\/\/erbel.eus\/#\/schema\/logo\/image\/","url":"https:\/\/i0.wp.com\/erbel.eus\/wp-content\/uploads\/2019\/05\/erbel_erleak_denak-beltz.png?fit=300%2C316&ssl=1","contentUrl":"https:\/\/i0.wp.com\/erbel.eus\/wp-content\/uploads\/2019\/05\/erbel_erleak_denak-beltz.png?fit=300%2C316&ssl=1","width":300,"height":316,"caption":"ERBEL Erle Beltza Hazleen Elkartea"},"image":{"@id":"https:\/\/erbel.eus\/#\/schema\/logo\/image\/"},"sameAs":["https:\/\/www.youtube.com\/channel\/UCNkgIS3GnpMESbnykKUIqgw"]}]}},"jetpack_sharing_enabled":true,"_links":{"self":[{"href":"https:\/\/erbel.eus\/fr\/wp-json\/wp\/v2\/pages\/319","targetHints":{"allow":["GET"]}}],"collection":[{"href":"https:\/\/erbel.eus\/fr\/wp-json\/wp\/v2\/pages"}],"about":[{"href":"https:\/\/erbel.eus\/fr\/wp-json\/wp\/v2\/types\/page"}],"author":[{"embeddable":true,"href":"https:\/\/erbel.eus\/fr\/wp-json\/wp\/v2\/users\/1"}],"replies":[{"embeddable":true,"href":"https:\/\/erbel.eus\/fr\/wp-json\/wp\/v2\/comments?post=319"}],"version-history":[{"count":11,"href":"https:\/\/erbel.eus\/fr\/wp-json\/wp\/v2\/pages\/319\/revisions"}],"predecessor-version":[{"id":2972,"href":"https:\/\/erbel.eus\/fr\/wp-json\/wp\/v2\/pages\/319\/revisions\/2972"}],"wp:attachment":[{"href":"https:\/\/erbel.eus\/fr\/wp-json\/wp\/v2\/media?parent=319"}],"curies":[{"name":"wp","href":"https:\/\/api.w.org\/{rel}","templated":true}]}}