{"id":282,"date":"2019-04-17T08:54:32","date_gmt":"2019-04-17T07:54:32","guid":{"rendered":"https:\/\/www.erbel.eus\/?page_id=282"},"modified":"2024-09-27T14:40:52","modified_gmt":"2024-09-27T13:40:52","slug":"erbel__trashed","status":"publish","type":"page","link":"https:\/\/erbel.eus\/fr\/erbel__trashed\/","title":{"rendered":"ERBEL"},"content":{"rendered":"\t\t<div data-elementor-type=\"wp-post\" data-elementor-id=\"282\" class=\"elementor elementor-282 elementor-104\">\n\t\t\t\t\t\t<section class=\"elementor-section elementor-top-section elementor-element elementor-element-7382161 elementor-section-boxed elementor-section-height-default elementor-section-height-default\" data-id=\"7382161\" data-element_type=\"section\" data-e-type=\"section\">\n\t\t\t\t\t\t\t<div class=\"elementor-background-overlay\"><\/div>\n\t\t\t\t\t\t\t<div class=\"elementor-container elementor-column-gap-default\">\n\t\t\t\t\t<div class=\"elementor-column elementor-col-100 elementor-top-column elementor-element elementor-element-6ffa9b6\" data-id=\"6ffa9b6\" data-element_type=\"column\" data-e-type=\"column\">\n\t\t\t<div class=\"elementor-widget-wrap elementor-element-populated\">\n\t\t\t\t\t\t<div class=\"elementor-element elementor-element-ccd026c elementor-widget elementor-widget-heading\" data-id=\"ccd026c\" data-element_type=\"widget\" data-e-type=\"widget\" data-widget_type=\"heading.default\">\n\t\t\t\t<div class=\"elementor-widget-container\">\n\t\t\t\t\t<h2 class=\"elementor-heading-title elementor-size-default\">QU'EST-CE QUE C'EST ERBEL?<\/h2>\t\t\t\t<\/div>\n\t\t\t\t<\/div>\n\t\t\t\t<div class=\"elementor-element elementor-element-71f0857 elementor-widget-divider--view-line elementor-widget elementor-widget-divider\" data-id=\"71f0857\" data-element_type=\"widget\" data-e-type=\"widget\" data-widget_type=\"divider.default\">\n\t\t\t\t<div class=\"elementor-widget-container\">\n\t\t\t\t\t\t\t<div class=\"elementor-divider\">\n\t\t\t<span class=\"elementor-divider-separator\">\n\t\t\t\t\t\t<\/span>\n\t\t<\/div>\n\t\t\t\t\t\t<\/div>\n\t\t\t\t<\/div>\n\t\t\t\t\t<\/div>\n\t\t<\/div>\n\t\t\t\t\t<\/div>\n\t\t<\/section>\n\t\t\t\t<section class=\"elementor-section elementor-top-section elementor-element elementor-element-14a2f6f elementor-section-full_width elementor-section-content-middle elementor-section-height-default elementor-section-height-default\" data-id=\"14a2f6f\" data-element_type=\"section\" data-e-type=\"section\">\n\t\t\t\t\t\t<div class=\"elementor-container elementor-column-gap-no\">\n\t\t\t\t\t<div class=\"elementor-column elementor-col-50 elementor-top-column elementor-element elementor-element-1c2608a\" data-id=\"1c2608a\" data-element_type=\"column\" data-e-type=\"column\" data-settings=\"{&quot;background_background&quot;:&quot;classic&quot;}\">\n\t\t\t<div class=\"elementor-widget-wrap elementor-element-populated\">\n\t\t\t\t\t<div class=\"elementor-background-overlay\"><\/div>\n\t\t\t\t\t\t<div class=\"elementor-element elementor-element-ceb4e24 elementor-widget elementor-widget-spacer\" data-id=\"ceb4e24\" data-element_type=\"widget\" data-e-type=\"widget\" data-widget_type=\"spacer.default\">\n\t\t\t\t<div class=\"elementor-widget-container\">\n\t\t\t\t\t\t\t<div class=\"elementor-spacer\">\n\t\t\t<div class=\"elementor-spacer-inner\"><\/div>\n\t\t<\/div>\n\t\t\t\t\t\t<\/div>\n\t\t\t\t<\/div>\n\t\t\t\t\t<\/div>\n\t\t<\/div>\n\t\t\t\t<div class=\"elementor-column elementor-col-50 elementor-top-column elementor-element elementor-element-040af78\" data-id=\"040af78\" data-element_type=\"column\" data-e-type=\"column\">\n\t\t\t<div class=\"elementor-widget-wrap elementor-element-populated\">\n\t\t\t\t\t\t<section class=\"elementor-section elementor-inner-section elementor-element elementor-element-08541be elementor-section-boxed elementor-section-height-default elementor-section-height-default\" data-id=\"08541be\" data-element_type=\"section\" data-e-type=\"section\">\n\t\t\t\t\t\t<div class=\"elementor-container elementor-column-gap-default\">\n\t\t\t\t\t<div class=\"elementor-column elementor-col-100 elementor-inner-column elementor-element elementor-element-41fda67\" data-id=\"41fda67\" data-element_type=\"column\" data-e-type=\"column\" data-settings=\"{&quot;background_background&quot;:&quot;classic&quot;}\">\n\t\t\t<div class=\"elementor-widget-wrap elementor-element-populated\">\n\t\t\t\t\t\t<div class=\"elementor-element elementor-element-4ddd8b0 elementor-widget elementor-widget-heading\" data-id=\"4ddd8b0\" data-element_type=\"widget\" data-e-type=\"widget\" data-widget_type=\"heading.default\">\n\t\t\t\t<div class=\"elementor-widget-container\">\n\t\t\t\t\t<h2 class=\"elementor-heading-title elementor-size-default\">OBJECTIFS<\/h2>\t\t\t\t<\/div>\n\t\t\t\t<\/div>\n\t\t\t\t<div class=\"elementor-element elementor-element-4d5f98e elementor-widget elementor-widget-text-editor\" data-id=\"4d5f98e\" data-element_type=\"widget\" data-e-type=\"widget\" data-widget_type=\"text-editor.default\">\n\t\t\t\t<div class=\"elementor-widget-container\">\n\t\t\t\t\t\t\t\t\t<div>\n<p align=\"justify\">Le principal objectif d\u2019ERBEL est de cr\u00e9er et d&rsquo;appliquer le Programme d&rsquo;Am\u00e9lioration de l&rsquo;abeille locale<em> Apis melifera iberiensis<\/em>. Le programme s&rsquo;applique \u00e0 des abeilles adapt\u00e9es \u00e0 leur environnement et vise \u00e0 am\u00e9liorer la production, \u00e0 r\u00e9duire l&rsquo;agressivit\u00e9 et \u00e0 augmenter la tol\u00e9rance et la r\u00e9sistance au Varroa. Pour cela, les caract\u00e9ristiques souhait\u00e9es sont s\u00e9lectionn\u00e9es afin d&rsquo;\u00e9lever puis d&rsquo;\u00e9changer des reines.<\/p>\n<\/div>\n<div><\/div>\n<p align=\"justify\">En effet, l&rsquo;am\u00e9lioration des caract\u00e9ristiques de l&rsquo;abeille locale augmentera non seulement la production et la comp\u00e9titivit\u00e9 de l&rsquo;exploitation mellif\u00e8re mais assurera \u00e9galement la survie de l&rsquo;abeille, la conservation de la diversit\u00e9, en \u00e9vitant l&rsquo;introduction de races \u00e9trang\u00e8res et en r\u00e9duisant la perte de colonies.<\/p>\n<p align=\"justify\">Parmi les objectifs d&rsquo;ERBEL, soulignons la gestion du Livre G\u00e9n\u00e9alogique de l&rsquo;abeille locale et la participation \u00e0 d&rsquo;autres projets en faveur de l&rsquo;abeille.<\/p>\n\t\t\t\t\t\t\t\t<\/div>\n\t\t\t\t<\/div>\n\t\t\t\t\t<\/div>\n\t\t<\/div>\n\t\t\t\t\t<\/div>\n\t\t<\/section>\n\t\t\t\t\t<\/div>\n\t\t<\/div>\n\t\t\t\t\t<\/div>\n\t\t<\/section>\n\t\t\t\t<section class=\"elementor-section elementor-top-section elementor-element elementor-element-7aea26e elementor-section-full_width elementor-section-content-middle elementor-section-height-default elementor-section-height-default\" data-id=\"7aea26e\" data-element_type=\"section\" data-e-type=\"section\">\n\t\t\t\t\t\t<div class=\"elementor-container elementor-column-gap-no\">\n\t\t\t\t\t<div class=\"elementor-column elementor-col-50 elementor-top-column elementor-element elementor-element-eaf569c\" data-id=\"eaf569c\" data-element_type=\"column\" data-e-type=\"column\">\n\t\t\t<div class=\"elementor-widget-wrap elementor-element-populated\">\n\t\t\t\t\t<div class=\"elementor-background-overlay\"><\/div>\n\t\t\t\t\t\t<section class=\"elementor-section elementor-inner-section elementor-element elementor-element-18f2184 elementor-section-boxed elementor-section-height-default elementor-section-height-default\" data-id=\"18f2184\" data-element_type=\"section\" data-e-type=\"section\">\n\t\t\t\t\t\t<div class=\"elementor-container elementor-column-gap-default\">\n\t\t\t\t\t<div class=\"elementor-column elementor-col-100 elementor-inner-column elementor-element elementor-element-16f2abd\" data-id=\"16f2abd\" data-element_type=\"column\" data-e-type=\"column\" data-settings=\"{&quot;background_background&quot;:&quot;classic&quot;}\">\n\t\t\t<div class=\"elementor-widget-wrap elementor-element-populated\">\n\t\t\t\t\t\t<div class=\"elementor-element elementor-element-d495d16 elementor-widget elementor-widget-heading\" data-id=\"d495d16\" data-element_type=\"widget\" data-e-type=\"widget\" data-widget_type=\"heading.default\">\n\t\t\t\t<div class=\"elementor-widget-container\">\n\t\t\t\t\t<h2 class=\"elementor-heading-title elementor-size-default\">ACTIVIT\u00c9S<\/h2>\t\t\t\t<\/div>\n\t\t\t\t<\/div>\n\t\t\t\t<div class=\"elementor-element elementor-element-dc98aca elementor-widget elementor-widget-text-editor\" data-id=\"dc98aca\" data-element_type=\"widget\" data-e-type=\"widget\" data-widget_type=\"text-editor.default\">\n\t\t\t\t<div class=\"elementor-widget-container\">\n\t\t\t\t\t\t\t\t\t<ul>\n<li>\u00c9levage et f\u00e9condation de reines, distribution des reines aux membres<\/li>\n<li>Mise en place des tests de rendement<\/li>\n<li>Gestion et contr\u00f4le des tests de rendement<\/li>\n<li>S\u00e9lection des reines sur la base de crit\u00e8res g\u00e9n\u00e9tiques<\/li>\n<li>Contr\u00f4le des f\u00e9condations\n<ul>\n<li>gr\u00e2ce aux stations de f\u00e9condation<\/li>\n<li>par l&rsquo;ins\u00e9mination artificielle<\/li>\n<\/ul>\n<\/li>\n<li>Diffusion des progr\u00e8s g\u00e9n\u00e9tiques obtenus<\/li>\n<li>Mise en place de la formation des membres<\/li>\n<li>Organisation d&rsquo;\u00e9v\u00e9nements en faveur de l&rsquo;abeille locale et participation \u00e0 ces actions et \u00e9v\u00e9nements<\/li>\n<li>Participation aux recherches et aux projets li\u00e9s \u00e0 l&rsquo;am\u00e9lioration et la conservation.<\/li>\n<\/ul>\n\t\t\t\t\t\t\t\t<\/div>\n\t\t\t\t<\/div>\n\t\t\t\t\t<\/div>\n\t\t<\/div>\n\t\t\t\t\t<\/div>\n\t\t<\/section>\n\t\t\t\t\t<\/div>\n\t\t<\/div>\n\t\t\t\t<div class=\"elementor-column elementor-col-50 elementor-top-column elementor-element elementor-element-de63ac5\" data-id=\"de63ac5\" data-element_type=\"column\" data-e-type=\"column\" data-settings=\"{&quot;background_background&quot;:&quot;classic&quot;}\">\n\t\t\t<div class=\"elementor-widget-wrap elementor-element-populated\">\n\t\t\t\t\t<div class=\"elementor-background-overlay\"><\/div>\n\t\t\t\t\t\t<div class=\"elementor-element elementor-element-57ed558 elementor-widget elementor-widget-spacer\" data-id=\"57ed558\" data-element_type=\"widget\" data-e-type=\"widget\" data-widget_type=\"spacer.default\">\n\t\t\t\t<div class=\"elementor-widget-container\">\n\t\t\t\t\t\t\t<div class=\"elementor-spacer\">\n\t\t\t<div class=\"elementor-spacer-inner\"><\/div>\n\t\t<\/div>\n\t\t\t\t\t\t<\/div>\n\t\t\t\t<\/div>\n\t\t\t\t\t<\/div>\n\t\t<\/div>\n\t\t\t\t\t<\/div>\n\t\t<\/section>\n\t\t\t\t<section class=\"elementor-section elementor-top-section elementor-element elementor-element-16d5535f elementor-section-boxed elementor-section-height-default elementor-section-height-default\" data-id=\"16d5535f\" data-element_type=\"section\" data-e-type=\"section\" data-settings=\"{&quot;background_background&quot;:&quot;classic&quot;}\">\n\t\t\t\t\t\t<div class=\"elementor-container elementor-column-gap-default\">\n\t\t\t\t\t<div class=\"elementor-column elementor-col-100 elementor-top-column elementor-element elementor-element-51de6c29\" data-id=\"51de6c29\" data-element_type=\"column\" data-e-type=\"column\">\n\t\t\t<div class=\"elementor-widget-wrap elementor-element-populated\">\n\t\t\t\t\t\t<section class=\"elementor-section elementor-inner-section elementor-element elementor-element-524aead4 elementor-section-boxed elementor-section-height-default elementor-section-height-default\" data-id=\"524aead4\" data-element_type=\"section\" data-e-type=\"section\">\n\t\t\t\t\t\t<div class=\"elementor-container elementor-column-gap-default\">\n\t\t\t\t\t<div class=\"elementor-column elementor-col-100 elementor-inner-column elementor-element elementor-element-57f4f4ae\" data-id=\"57f4f4ae\" data-element_type=\"column\" data-e-type=\"column\">\n\t\t\t<div class=\"elementor-widget-wrap elementor-element-populated\">\n\t\t\t\t\t\t<div class=\"elementor-element elementor-element-45659a46 elementor-widget elementor-widget-heading\" data-id=\"45659a46\" data-element_type=\"widget\" data-e-type=\"widget\" data-widget_type=\"heading.default\">\n\t\t\t\t<div class=\"elementor-widget-container\">\n\t\t\t\t\t<h2 class=\"elementor-heading-title elementor-size-default\">COMIT\u00c9 DE DIRECTION<\/h2>\t\t\t\t<\/div>\n\t\t\t\t<\/div>\n\t\t\t\t<div class=\"elementor-element elementor-element-4085d8df elementor-widget-divider--view-line elementor-widget elementor-widget-divider\" data-id=\"4085d8df\" data-element_type=\"widget\" data-e-type=\"widget\" data-widget_type=\"divider.default\">\n\t\t\t\t<div class=\"elementor-widget-container\">\n\t\t\t\t\t\t\t<div class=\"elementor-divider\">\n\t\t\t<span class=\"elementor-divider-separator\">\n\t\t\t\t\t\t<\/span>\n\t\t<\/div>\n\t\t\t\t\t\t<\/div>\n\t\t\t\t<\/div>\n\t\t\t\t<div class=\"elementor-element elementor-element-94e23ee elementor-widget elementor-widget-text-editor\" data-id=\"94e23ee\" data-element_type=\"widget\" data-e-type=\"widget\" data-widget_type=\"text-editor.default\">\n\t\t\t\t<div class=\"elementor-widget-container\">\n\t\t\t\t\t\t\t\t\t<p align=\"justify\">L&rsquo;Assembl\u00e9e G\u00e9n\u00e9rale est le principal organe d\u00e9cisionnaire de l&rsquo;association. Elle a lieu une fois par an et tous les membres peuvent y participer.<br \/>\nLe Comit\u00e9 de Direction \u00e0 la t\u00eate de l&rsquo;association est compos\u00e9 de deux repr\u00e9sentants de chaque province, qui occupent les fonctions suivantes:<\/p>\n\t\t\t\t\t\t\t\t<\/div>\n\t\t\t\t<\/div>\n\t\t\t\t\t<\/div>\n\t\t<\/div>\n\t\t\t\t\t<\/div>\n\t\t<\/section>\n\t\t\t\t<section class=\"elementor-section elementor-inner-section elementor-element elementor-element-4d31259f elementor-section-boxed elementor-section-height-default elementor-section-height-default\" data-id=\"4d31259f\" data-element_type=\"section\" data-e-type=\"section\">\n\t\t\t\t\t\t<div class=\"elementor-container elementor-column-gap-default\">\n\t\t\t\t\t<div class=\"elementor-column elementor-col-50 elementor-inner-column elementor-element elementor-element-54f3b111\" data-id=\"54f3b111\" data-element_type=\"column\" data-e-type=\"column\">\n\t\t\t<div class=\"elementor-widget-wrap elementor-element-populated\">\n\t\t\t\t\t\t<div class=\"elementor-element elementor-element-7077052 elementor-position-left elementor-vertical-align-middle elementor-invisible elementor-widget elementor-widget-image-box\" data-id=\"7077052\" data-element_type=\"widget\" data-e-type=\"widget\" data-settings=\"{&quot;_animation&quot;:&quot;fadeIn&quot;}\" data-widget_type=\"image-box.default\">\n\t\t\t\t<div class=\"elementor-widget-container\">\n\t\t\t\t\t<div class=\"elementor-image-box-wrapper\"><figure class=\"elementor-image-box-img\"><img fetchpriority=\"high\" decoding=\"async\" width=\"988\" height=\"989\" src=\"https:\/\/i0.wp.com\/erbel.eus\/wp-content\/uploads\/2019\/05\/Jose-Martin-Beobide_-1.jpg?fit=988%2C989&amp;ssl=1\" class=\"elementor-animation-shrink attachment-full size-full wp-image-855\" alt=\"\" srcset=\"https:\/\/i0.wp.com\/erbel.eus\/wp-content\/uploads\/2019\/05\/Jose-Martin-Beobide_-1.jpg?w=988&amp;ssl=1 988w, https:\/\/i0.wp.com\/erbel.eus\/wp-content\/uploads\/2019\/05\/Jose-Martin-Beobide_-1.jpg?resize=150%2C150&amp;ssl=1 150w, https:\/\/i0.wp.com\/erbel.eus\/wp-content\/uploads\/2019\/05\/Jose-Martin-Beobide_-1.jpg?resize=300%2C300&amp;ssl=1 300w, https:\/\/i0.wp.com\/erbel.eus\/wp-content\/uploads\/2019\/05\/Jose-Martin-Beobide_-1.jpg?resize=768%2C769&amp;ssl=1 768w\" sizes=\"(max-width: 988px) 100vw, 988px\" \/><\/figure><div class=\"elementor-image-box-content\"><h3 class=\"elementor-image-box-title\">JOSE MARTIN BEOBIDE<\/h3><p class=\"elementor-image-box-description\"><div>Pr\u00e9sident<\/div><\/br><div>Zizurkil, Gipuzkoa, 1964. <br \/>Pompier et apiculteur amateur.<br \/><\/div><\/p><\/div><\/div>\t\t\t\t<\/div>\n\t\t\t\t<\/div>\n\t\t\t\t\t<\/div>\n\t\t<\/div>\n\t\t\t\t<div class=\"elementor-column elementor-col-50 elementor-inner-column elementor-element elementor-element-71dc3bba\" data-id=\"71dc3bba\" data-element_type=\"column\" data-e-type=\"column\">\n\t\t\t<div class=\"elementor-widget-wrap elementor-element-populated\">\n\t\t\t\t\t\t<div class=\"elementor-element elementor-element-1dc38339 elementor-position-left elementor-vertical-align-middle elementor-invisible elementor-widget elementor-widget-image-box\" data-id=\"1dc38339\" data-element_type=\"widget\" data-e-type=\"widget\" data-settings=\"{&quot;_animation&quot;:&quot;fadeIn&quot;}\" data-widget_type=\"image-box.default\">\n\t\t\t\t<div class=\"elementor-widget-container\">\n\t\t\t\t\t<div class=\"elementor-image-box-wrapper\"><figure class=\"elementor-image-box-img\"><img decoding=\"async\" width=\"1081\" height=\"1241\" src=\"https:\/\/i0.wp.com\/erbel.eus\/wp-content\/uploads\/2023\/02\/I%C3%B1igo.jpg?fit=1081%2C1241&amp;ssl=1\" class=\"elementor-animation-shrink attachment-full size-full wp-image-2263\" alt=\"I\u00f1igo Mendibil\" \/><\/figure><div class=\"elementor-image-box-content\"><h3 class=\"elementor-image-box-title\">I\u00d1IGO MENDIBIL<\/h3><p class=\"elementor-image-box-description\"><div>Tr\u00e9sorier<\/div><\/br><div>Arrazola-Atxondo, Bizkaia, 1971. <br \/>Peut-\u00eatre que ma d\u00e9pendance au miel est la raison de mon approche de l'apiculture, ou peut-\u00eatre \u00e9tait-ce le fait que je suis pompier et que je dois enlever un essaim de temps en temps.<br \/><\/div><\/p><\/div><\/div>\t\t\t\t<\/div>\n\t\t\t\t<\/div>\n\t\t\t\t\t<\/div>\n\t\t<\/div>\n\t\t\t\t\t<\/div>\n\t\t<\/section>\n\t\t\t\t<section class=\"elementor-section elementor-inner-section elementor-element elementor-element-3449b4d4 elementor-section-boxed elementor-section-height-default elementor-section-height-default\" data-id=\"3449b4d4\" data-element_type=\"section\" data-e-type=\"section\">\n\t\t\t\t\t\t<div class=\"elementor-container elementor-column-gap-default\">\n\t\t\t\t\t<div class=\"elementor-column elementor-col-50 elementor-inner-column elementor-element elementor-element-5cc8fb2b\" data-id=\"5cc8fb2b\" data-element_type=\"column\" data-e-type=\"column\">\n\t\t\t<div class=\"elementor-widget-wrap elementor-element-populated\">\n\t\t\t\t\t\t<div class=\"elementor-element elementor-element-179aeb53 elementor-position-left elementor-vertical-align-middle elementor-invisible elementor-widget elementor-widget-image-box\" data-id=\"179aeb53\" data-element_type=\"widget\" data-e-type=\"widget\" data-settings=\"{&quot;_animation&quot;:&quot;fadeIn&quot;}\" data-widget_type=\"image-box.default\">\n\t\t\t\t<div class=\"elementor-widget-container\">\n\t\t\t\t\t<div class=\"elementor-image-box-wrapper\"><figure class=\"elementor-image-box-img\"><img decoding=\"async\" width=\"1536\" height=\"2048\" src=\"https:\/\/i0.wp.com\/erbel.eus\/wp-content\/uploads\/2023\/02\/Eizagirre.jpg?fit=1536%2C2048&amp;ssl=1\" class=\"elementor-animation-shrink attachment-full size-full wp-image-2267\" alt=\"Joxe Mari Eizagirre\" \/><\/figure><div class=\"elementor-image-box-content\"><h3 class=\"elementor-image-box-title\">JOXE MARI EIZAGIRRE<\/h3><p class=\"elementor-image-box-description\"><div>Vice-pr\u00e9sident<\/div><\/br><div>Aizarna, Gipuzkoa, 1958. <br \/>Apiculteur professionnel depuis 2010. Actuellement apiculteur retrait\u00e9.<br \/><\/div><\/p><\/div><\/div>\t\t\t\t<\/div>\n\t\t\t\t<\/div>\n\t\t\t\t\t<\/div>\n\t\t<\/div>\n\t\t\t\t<div class=\"elementor-column elementor-col-50 elementor-inner-column elementor-element elementor-element-2ae47d35\" data-id=\"2ae47d35\" data-element_type=\"column\" data-e-type=\"column\">\n\t\t\t<div class=\"elementor-widget-wrap elementor-element-populated\">\n\t\t\t\t\t\t<div class=\"elementor-element elementor-element-47c8ad24 elementor-position-left elementor-vertical-align-middle elementor-invisible elementor-widget elementor-widget-image-box\" data-id=\"47c8ad24\" data-element_type=\"widget\" data-e-type=\"widget\" data-settings=\"{&quot;_animation&quot;:&quot;fadeIn&quot;}\" data-widget_type=\"image-box.default\">\n\t\t\t\t<div class=\"elementor-widget-container\">\n\t\t\t\t\t<div class=\"elementor-image-box-wrapper\"><figure class=\"elementor-image-box-img\"><img loading=\"lazy\" decoding=\"async\" width=\"1406\" height=\"937\" src=\"https:\/\/i0.wp.com\/erbel.eus\/wp-content\/uploads\/2023\/02\/Bidatz.jpg?fit=1406%2C937&amp;ssl=1\" class=\"elementor-animation-shrink attachment-full size-full wp-image-2288\" alt=\"Bidatz\" srcset=\"https:\/\/i0.wp.com\/erbel.eus\/wp-content\/uploads\/2023\/02\/Bidatz.jpg?w=1406&amp;ssl=1 1406w, https:\/\/i0.wp.com\/erbel.eus\/wp-content\/uploads\/2023\/02\/Bidatz.jpg?resize=300%2C200&amp;ssl=1 300w, https:\/\/i0.wp.com\/erbel.eus\/wp-content\/uploads\/2023\/02\/Bidatz.jpg?resize=1024%2C682&amp;ssl=1 1024w, https:\/\/i0.wp.com\/erbel.eus\/wp-content\/uploads\/2023\/02\/Bidatz.jpg?resize=768%2C512&amp;ssl=1 768w\" sizes=\"(max-width: 1200px) 100vw, 1200px\" \/><\/figure><div class=\"elementor-image-box-content\"><h3 class=\"elementor-image-box-title\">BIDATZ SASIAIN<\/h3><p class=\"elementor-image-box-description\"><div>Secr\u00e9taire<\/div><\/br><div>Tolosa, Gipuzkoa, 1978. <br \/>Dipl\u00f4m\u00e9 en biologie et technicien sup\u00e9rieur en analyse et contr\u00f4le. Apiculteur, toujours pr\u00eat \u00e0 apprendre des abeilles.<br \/><\/div><\/p><\/div><\/div>\t\t\t\t<\/div>\n\t\t\t\t<\/div>\n\t\t\t\t\t<\/div>\n\t\t<\/div>\n\t\t\t\t\t<\/div>\n\t\t<\/section>\n\t\t\t\t<section class=\"elementor-section elementor-inner-section elementor-element elementor-element-8584fc7 elementor-section-boxed elementor-section-height-default elementor-section-height-default\" data-id=\"8584fc7\" data-element_type=\"section\" data-e-type=\"section\">\n\t\t\t\t\t\t<div class=\"elementor-container elementor-column-gap-default\">\n\t\t\t\t\t<div class=\"elementor-column elementor-col-50 elementor-inner-column elementor-element elementor-element-b7ae2da\" data-id=\"b7ae2da\" data-element_type=\"column\" data-e-type=\"column\">\n\t\t\t<div class=\"elementor-widget-wrap elementor-element-populated\">\n\t\t\t\t\t\t<div class=\"elementor-element elementor-element-712bb7a elementor-position-left elementor-vertical-align-middle elementor-invisible elementor-widget elementor-widget-image-box\" data-id=\"712bb7a\" data-element_type=\"widget\" data-e-type=\"widget\" data-settings=\"{&quot;_animation&quot;:&quot;fadeIn&quot;}\" data-widget_type=\"image-box.default\">\n\t\t\t\t<div class=\"elementor-widget-container\">\n\t\t\t\t\t<div class=\"elementor-image-box-wrapper\"><figure class=\"elementor-image-box-img\"><img loading=\"lazy\" decoding=\"async\" width=\"2048\" height=\"2048\" src=\"https:\/\/i0.wp.com\/erbel.eus\/wp-content\/uploads\/2019\/05\/Julien-Bertrou_.jpg?fit=2048%2C2048&amp;ssl=1\" class=\"elementor-animation-shrink attachment-full size-full wp-image-864\" alt=\"\" srcset=\"https:\/\/i0.wp.com\/erbel.eus\/wp-content\/uploads\/2019\/05\/Julien-Bertrou_.jpg?w=2048&amp;ssl=1 2048w, https:\/\/i0.wp.com\/erbel.eus\/wp-content\/uploads\/2019\/05\/Julien-Bertrou_.jpg?resize=150%2C150&amp;ssl=1 150w, https:\/\/i0.wp.com\/erbel.eus\/wp-content\/uploads\/2019\/05\/Julien-Bertrou_.jpg?resize=300%2C300&amp;ssl=1 300w, https:\/\/i0.wp.com\/erbel.eus\/wp-content\/uploads\/2019\/05\/Julien-Bertrou_.jpg?resize=768%2C768&amp;ssl=1 768w, https:\/\/i0.wp.com\/erbel.eus\/wp-content\/uploads\/2019\/05\/Julien-Bertrou_.jpg?resize=1024%2C1024&amp;ssl=1 1024w\" sizes=\"(max-width: 1200px) 100vw, 1200px\" \/><\/figure><div class=\"elementor-image-box-content\"><h3 class=\"elementor-image-box-title\">JULIEN BERTROU<\/h3><p class=\"elementor-image-box-description\"><div>Membre du comit\u00e9<\/div><\/br><div>Tolosa, Okzitania, 1984. <br \/>Apiculteur professionnel depuis 2015. Travaille avec l'abeille noire locale et produit doux miels.<br \/><\/div><\/p><\/div><\/div>\t\t\t\t<\/div>\n\t\t\t\t<\/div>\n\t\t\t\t\t<\/div>\n\t\t<\/div>\n\t\t\t\t<div class=\"elementor-column elementor-col-50 elementor-inner-column elementor-element elementor-element-0030dc3\" data-id=\"0030dc3\" data-element_type=\"column\" data-e-type=\"column\">\n\t\t\t<div class=\"elementor-widget-wrap elementor-element-populated\">\n\t\t\t\t\t\t<div class=\"elementor-element elementor-element-be5a8fd elementor-position-left elementor-vertical-align-middle elementor-invisible elementor-widget elementor-widget-image-box\" data-id=\"be5a8fd\" data-element_type=\"widget\" data-e-type=\"widget\" data-settings=\"{&quot;_animation&quot;:&quot;fadeIn&quot;}\" data-widget_type=\"image-box.default\">\n\t\t\t\t<div class=\"elementor-widget-container\">\n\t\t\t\t\t<div class=\"elementor-image-box-wrapper\"><figure class=\"elementor-image-box-img\"><img loading=\"lazy\" decoding=\"async\" width=\"2048\" height=\"1365\" src=\"https:\/\/i0.wp.com\/erbel.eus\/wp-content\/uploads\/2023\/02\/DSC_1081.jpg?fit=2048%2C1365&amp;ssl=1\" class=\"elementor-animation-shrink attachment-full size-full wp-image-2259\" alt=\"Bidatz Sasiain\" \/><\/figure><div class=\"elementor-image-box-content\"><h3 class=\"elementor-image-box-title\">MIKELA UNTSAIN<\/h3><p class=\"elementor-image-box-description\"><div>Membre du comit\u00e9<\/div><\/br><div>Azkaine, Lapurdi, 1973.<br \/>Je m'occupe des abeilles et elles me donnent la vie.<br \/><\/div><\/p><\/div><\/div>\t\t\t\t<\/div>\n\t\t\t\t<\/div>\n\t\t\t\t\t<\/div>\n\t\t<\/div>\n\t\t\t\t\t<\/div>\n\t\t<\/section>\n\t\t\t\t<section class=\"elementor-section elementor-inner-section elementor-element elementor-element-4a8faed elementor-section-boxed elementor-section-height-default elementor-section-height-default\" data-id=\"4a8faed\" data-element_type=\"section\" data-e-type=\"section\">\n\t\t\t\t\t\t<div class=\"elementor-container elementor-column-gap-default\">\n\t\t\t\t\t<div class=\"elementor-column elementor-col-50 elementor-inner-column elementor-element elementor-element-fdc1ead\" data-id=\"fdc1ead\" data-element_type=\"column\" data-e-type=\"column\">\n\t\t\t<div class=\"elementor-widget-wrap elementor-element-populated\">\n\t\t\t\t\t\t<div class=\"elementor-element elementor-element-4686fcb elementor-position-left elementor-vertical-align-middle elementor-invisible elementor-widget elementor-widget-image-box\" data-id=\"4686fcb\" data-element_type=\"widget\" data-e-type=\"widget\" data-settings=\"{&quot;_animation&quot;:&quot;fadeIn&quot;}\" data-widget_type=\"image-box.default\">\n\t\t\t\t<div class=\"elementor-widget-container\">\n\t\t\t\t\t<div class=\"elementor-image-box-wrapper\"><figure class=\"elementor-image-box-img\"><img loading=\"lazy\" decoding=\"async\" width=\"2048\" height=\"2048\" src=\"https:\/\/i0.wp.com\/erbel.eus\/wp-content\/uploads\/2019\/05\/Egoitz-Galartza_.jpg?fit=2048%2C2048&amp;ssl=1\" class=\"elementor-animation-shrink attachment-full size-full wp-image-870\" alt=\"\" srcset=\"https:\/\/i0.wp.com\/erbel.eus\/wp-content\/uploads\/2019\/05\/Egoitz-Galartza_.jpg?w=2048&amp;ssl=1 2048w, https:\/\/i0.wp.com\/erbel.eus\/wp-content\/uploads\/2019\/05\/Egoitz-Galartza_.jpg?resize=150%2C150&amp;ssl=1 150w, https:\/\/i0.wp.com\/erbel.eus\/wp-content\/uploads\/2019\/05\/Egoitz-Galartza_.jpg?resize=300%2C300&amp;ssl=1 300w, https:\/\/i0.wp.com\/erbel.eus\/wp-content\/uploads\/2019\/05\/Egoitz-Galartza_.jpg?resize=768%2C768&amp;ssl=1 768w, https:\/\/i0.wp.com\/erbel.eus\/wp-content\/uploads\/2019\/05\/Egoitz-Galartza_.jpg?resize=1024%2C1024&amp;ssl=1 1024w\" sizes=\"(max-width: 1200px) 100vw, 1200px\" \/><\/figure><div class=\"elementor-image-box-content\"><h3 class=\"elementor-image-box-title\">EGOITZ GALARTZA<\/h3><p class=\"elementor-image-box-description\"><div>Coordinateur technique<\/div><\/br><div>Oiartzun, Gipuzkoa, 1975. <br \/>Licence en m\u00e9decine v\u00e9t\u00e9rinaire et apiculteur professionnel, en apiculture biologique depuis 2008.<br \/><\/div><\/p><\/div><\/div>\t\t\t\t<\/div>\n\t\t\t\t<\/div>\n\t\t\t\t\t<\/div>\n\t\t<\/div>\n\t\t\t\t<div class=\"elementor-column elementor-col-50 elementor-inner-column elementor-element elementor-element-4f59514\" data-id=\"4f59514\" data-element_type=\"column\" data-e-type=\"column\">\n\t\t\t<div class=\"elementor-widget-wrap elementor-element-populated\">\n\t\t\t\t\t\t\t<\/div>\n\t\t<\/div>\n\t\t\t\t\t<\/div>\n\t\t<\/section>\n\t\t\t\t\t<\/div>\n\t\t<\/div>\n\t\t\t\t\t<\/div>\n\t\t<\/section>\n\t\t\t\t<section class=\"elementor-section elementor-top-section elementor-element elementor-element-3fb39f1 elementor-section-content-middle elementor-section-boxed elementor-section-height-default elementor-section-height-default\" data-id=\"3fb39f1\" data-element_type=\"section\" data-e-type=\"section\" data-settings=\"{&quot;background_background&quot;:&quot;classic&quot;}\">\n\t\t\t\t\t\t<div class=\"elementor-container elementor-column-gap-no\">\n\t\t\t\t\t<div class=\"elementor-column elementor-col-100 elementor-top-column elementor-element elementor-element-71735338\" data-id=\"71735338\" data-element_type=\"column\" data-e-type=\"column\">\n\t\t\t<div class=\"elementor-widget-wrap elementor-element-populated\">\n\t\t\t\t\t\t<div class=\"elementor-element elementor-element-38256cc elementor-widget elementor-widget-heading\" data-id=\"38256cc\" data-element_type=\"widget\" data-e-type=\"widget\" data-widget_type=\"heading.default\">\n\t\t\t\t<div class=\"elementor-widget-container\">\n\t\t\t\t\t<h2 class=\"elementor-heading-title elementor-size-default\">FOIRE AUX QUESTIONS<\/h2>\t\t\t\t<\/div>\n\t\t\t\t<\/div>\n\t\t\t\t<section class=\"elementor-section elementor-inner-section elementor-element elementor-element-71fe752e elementor-section-content-middle elementor-section-boxed elementor-section-height-default elementor-section-height-default\" data-id=\"71fe752e\" data-element_type=\"section\" data-e-type=\"section\">\n\t\t\t\t\t\t<div class=\"elementor-container elementor-column-gap-no\">\n\t\t\t\t\t<div class=\"elementor-column elementor-col-50 elementor-inner-column elementor-element elementor-element-451d7801\" data-id=\"451d7801\" data-element_type=\"column\" data-e-type=\"column\">\n\t\t\t<div class=\"elementor-widget-wrap elementor-element-populated\">\n\t\t\t\t\t\t<div class=\"elementor-element elementor-element-1a63d551 elementor-widget elementor-widget-heading\" data-id=\"1a63d551\" data-element_type=\"widget\" data-e-type=\"widget\" data-widget_type=\"heading.default\">\n\t\t\t\t<div class=\"elementor-widget-container\">\n\t\t\t\t\t<h4 class=\"elementor-heading-title elementor-size-default\">POURQUOI L'ABEILLE LOCALE?<\/h4>\t\t\t\t<\/div>\n\t\t\t\t<\/div>\n\t\t\t\t<div class=\"elementor-element elementor-element-265c2ba7 elementor-widget-divider--view-line elementor-widget elementor-widget-divider\" data-id=\"265c2ba7\" data-element_type=\"widget\" data-e-type=\"widget\" data-widget_type=\"divider.default\">\n\t\t\t\t<div class=\"elementor-widget-container\">\n\t\t\t\t\t\t\t<div class=\"elementor-divider\">\n\t\t\t<span class=\"elementor-divider-separator\">\n\t\t\t\t\t\t<\/span>\n\t\t<\/div>\n\t\t\t\t\t\t<\/div>\n\t\t\t\t<\/div>\n\t\t\t\t<div class=\"elementor-element elementor-element-35814c91 elementor-widget elementor-widget-text-editor\" data-id=\"35814c91\" data-element_type=\"widget\" data-e-type=\"widget\" data-widget_type=\"text-editor.default\">\n\t\t\t\t<div class=\"elementor-widget-container\">\n\t\t\t\t\t\t\t\t\t<p align=\"justify\">La vitalit\u00e9 et la productivit\u00e9 des abeilles sont li\u00e9es \u00e0 leur adaptation \u00e0 un milieu local. En cons\u00e9quence, les populations les mieux adapt\u00e9es sont celles qui doivent \u00eatre test\u00e9es et s\u00e9lectionn\u00e9es.<\/p>\n\t\t\t\t\t\t\t\t<\/div>\n\t\t\t\t<\/div>\n\t\t\t\t\t<\/div>\n\t\t<\/div>\n\t\t\t\t<div class=\"elementor-column elementor-col-50 elementor-inner-column elementor-element elementor-element-687da2d6\" data-id=\"687da2d6\" data-element_type=\"column\" data-e-type=\"column\">\n\t\t\t<div class=\"elementor-widget-wrap elementor-element-populated\">\n\t\t\t\t\t\t<div class=\"elementor-element elementor-element-629750b8 elementor-widget elementor-widget-heading\" data-id=\"629750b8\" data-element_type=\"widget\" data-e-type=\"widget\" data-widget_type=\"heading.default\">\n\t\t\t\t<div class=\"elementor-widget-container\">\n\t\t\t\t\t<h4 class=\"elementor-heading-title elementor-size-default\">QUEL SERA MON R\u00d4LE AU SEIN D'ERBEL ?<\/h4>\t\t\t\t<\/div>\n\t\t\t\t<\/div>\n\t\t\t\t<div class=\"elementor-element elementor-element-2f4c9933 elementor-widget-divider--view-line elementor-widget elementor-widget-divider\" data-id=\"2f4c9933\" data-element_type=\"widget\" data-e-type=\"widget\" data-widget_type=\"divider.default\">\n\t\t\t\t<div class=\"elementor-widget-container\">\n\t\t\t\t\t\t\t<div class=\"elementor-divider\">\n\t\t\t<span class=\"elementor-divider-separator\">\n\t\t\t\t\t\t<\/span>\n\t\t<\/div>\n\t\t\t\t\t\t<\/div>\n\t\t\t\t<\/div>\n\t\t\t\t<div class=\"elementor-element elementor-element-6b25564 elementor-widget elementor-widget-text-editor\" data-id=\"6b25564\" data-element_type=\"widget\" data-e-type=\"widget\" data-widget_type=\"text-editor.default\">\n\t\t\t\t<div class=\"elementor-widget-container\">\n\t\t\t\t\t\t\t\t\t<p align=\"justify\">Vous serez parmi les personnes charg\u00e9es d&rsquo;effectuer les essais de rendement pour tester les reines du programme d&rsquo;am\u00e9lioration, essais r\u00e9alis\u00e9s sur 10 colonies par saison environ. En outre, en tant que membre de l&rsquo;association, vous pourrez participer \u00e0 la prise de d\u00e9cision lors des assembl\u00e9es g\u00e9n\u00e9rales et au comit\u00e9 de direction.<\/p>\n\t\t\t\t\t\t\t\t<\/div>\n\t\t\t\t<\/div>\n\t\t\t\t\t<\/div>\n\t\t<\/div>\n\t\t\t\t\t<\/div>\n\t\t<\/section>\n\t\t\t\t<section class=\"elementor-section elementor-inner-section elementor-element elementor-element-691e58e1 elementor-section-content-middle elementor-section-boxed elementor-section-height-default elementor-section-height-default\" data-id=\"691e58e1\" data-element_type=\"section\" data-e-type=\"section\">\n\t\t\t\t\t\t<div class=\"elementor-container elementor-column-gap-no\">\n\t\t\t\t\t<div class=\"elementor-column elementor-col-50 elementor-inner-column elementor-element elementor-element-761d0ac7\" data-id=\"761d0ac7\" data-element_type=\"column\" data-e-type=\"column\">\n\t\t\t<div class=\"elementor-widget-wrap elementor-element-populated\">\n\t\t\t\t\t\t<div class=\"elementor-element elementor-element-45201590 elementor-widget elementor-widget-heading\" data-id=\"45201590\" data-element_type=\"widget\" data-e-type=\"widget\" data-widget_type=\"heading.default\">\n\t\t\t\t<div class=\"elementor-widget-container\">\n\t\t\t\t\t<h4 class=\"elementor-heading-title elementor-size-default\">EST-CE QUE JE SERAI FORM\u00c9(E) POUR R\u00c9ALISER LES ESSAIS DE RENDEMENT?<\/h4>\t\t\t\t<\/div>\n\t\t\t\t<\/div>\n\t\t\t\t<div class=\"elementor-element elementor-element-2cf9081e elementor-widget-divider--view-line elementor-widget elementor-widget-divider\" data-id=\"2cf9081e\" data-element_type=\"widget\" data-e-type=\"widget\" data-widget_type=\"divider.default\">\n\t\t\t\t<div class=\"elementor-widget-container\">\n\t\t\t\t\t\t\t<div class=\"elementor-divider\">\n\t\t\t<span class=\"elementor-divider-separator\">\n\t\t\t\t\t\t<\/span>\n\t\t<\/div>\n\t\t\t\t\t\t<\/div>\n\t\t\t\t<\/div>\n\t\t\t\t<div class=\"elementor-element elementor-element-17a0f65 elementor-widget elementor-widget-text-editor\" data-id=\"17a0f65\" data-element_type=\"widget\" data-e-type=\"widget\" data-widget_type=\"text-editor.default\">\n\t\t\t\t<div class=\"elementor-widget-container\">\n\t\t\t\t\t\t\t\t\t<p align=\"justify\">Oui ! Les apiculteurs et apicultrices participant(e)s sont form\u00e9(e)s \u00e0 la r\u00e9alisation des essais de rendement. Diff\u00e9rents canaux sont utilis\u00e9s pour la formation (manuels, stages, bulletins \u00e9lectroniques, site Web, etc.), pour que vous soyez en permanence inform\u00e9(e) et vos connaissances actualis\u00e9es.<\/p>\n\t\t\t\t\t\t\t\t<\/div>\n\t\t\t\t<\/div>\n\t\t\t\t\t<\/div>\n\t\t<\/div>\n\t\t\t\t<div class=\"elementor-column elementor-col-50 elementor-inner-column elementor-element elementor-element-69903f13\" data-id=\"69903f13\" data-element_type=\"column\" data-e-type=\"column\">\n\t\t\t<div class=\"elementor-widget-wrap elementor-element-populated\">\n\t\t\t\t\t\t<div class=\"elementor-element elementor-element-4bac1464 elementor-widget elementor-widget-heading\" data-id=\"4bac1464\" data-element_type=\"widget\" data-e-type=\"widget\" data-widget_type=\"heading.default\">\n\t\t\t\t<div class=\"elementor-widget-container\">\n\t\t\t\t\t<h4 class=\"elementor-heading-title elementor-size-default\">COMBIEN DE TEMPS LES ESSAIS DE RENDEMENT PRENNENT-ILS ?<\/h4>\t\t\t\t<\/div>\n\t\t\t\t<\/div>\n\t\t\t\t<div class=\"elementor-element elementor-element-7c4207e7 elementor-widget-divider--view-line elementor-widget elementor-widget-divider\" data-id=\"7c4207e7\" data-element_type=\"widget\" data-e-type=\"widget\" data-widget_type=\"divider.default\">\n\t\t\t\t<div class=\"elementor-widget-container\">\n\t\t\t\t\t\t\t<div class=\"elementor-divider\">\n\t\t\t<span class=\"elementor-divider-separator\">\n\t\t\t\t\t\t<\/span>\n\t\t<\/div>\n\t\t\t\t\t\t<\/div>\n\t\t\t\t<\/div>\n\t\t\t\t<div class=\"elementor-element elementor-element-77a0d47 elementor-widget elementor-widget-text-editor\" data-id=\"77a0d47\" data-element_type=\"widget\" data-e-type=\"widget\" data-widget_type=\"text-editor.default\">\n\t\t\t\t<div class=\"elementor-widget-container\">\n\t\t\t\t\t\t\t\t\t<p align=\"justify\">Le travail de manipulation des colonies est comparable \u00e0 la pratique habituelle de l&rsquo;apiculture. Toutefois, un temps suppl\u00e9mentaire est requis pour le suivi et le contr\u00f4le de l&rsquo;infestation de Varroa, les tests d&rsquo;hygi\u00e8ne et la tenue des registres.<\/p>\n\t\t\t\t\t\t\t\t<\/div>\n\t\t\t\t<\/div>\n\t\t\t\t\t<\/div>\n\t\t<\/div>\n\t\t\t\t\t<\/div>\n\t\t<\/section>\n\t\t\t\t<section class=\"elementor-section elementor-inner-section elementor-element elementor-element-7e1a91f9 elementor-section-content-middle elementor-section-boxed elementor-section-height-default elementor-section-height-default\" data-id=\"7e1a91f9\" data-element_type=\"section\" data-e-type=\"section\">\n\t\t\t\t\t\t<div class=\"elementor-container elementor-column-gap-no\">\n\t\t\t\t\t<div class=\"elementor-column elementor-col-50 elementor-inner-column elementor-element elementor-element-6e855546\" data-id=\"6e855546\" data-element_type=\"column\" data-e-type=\"column\">\n\t\t\t<div class=\"elementor-widget-wrap elementor-element-populated\">\n\t\t\t\t\t\t<div class=\"elementor-element elementor-element-33cd96cc elementor-widget elementor-widget-heading\" data-id=\"33cd96cc\" data-element_type=\"widget\" data-e-type=\"widget\" data-widget_type=\"heading.default\">\n\t\t\t\t<div class=\"elementor-widget-container\">\n\t\t\t\t\t<h4 class=\"elementor-heading-title elementor-size-default\">DANS QUELLE MESURE CETTE ACTIVIT\u00c9 PEUT-ELLE AM\u00c9LIORER MON EXPLOITATION APICOLE ?<\/h4>\t\t\t\t<\/div>\n\t\t\t\t<\/div>\n\t\t\t\t<div class=\"elementor-element elementor-element-6498729a elementor-widget-divider--view-line elementor-widget elementor-widget-divider\" data-id=\"6498729a\" data-element_type=\"widget\" data-e-type=\"widget\" data-widget_type=\"divider.default\">\n\t\t\t\t<div class=\"elementor-widget-container\">\n\t\t\t\t\t\t\t<div class=\"elementor-divider\">\n\t\t\t<span class=\"elementor-divider-separator\">\n\t\t\t\t\t\t<\/span>\n\t\t<\/div>\n\t\t\t\t\t\t<\/div>\n\t\t\t\t<\/div>\n\t\t\t\t<div class=\"elementor-element elementor-element-6a2ab9d1 elementor-widget elementor-widget-text-editor\" data-id=\"6a2ab9d1\" data-element_type=\"widget\" data-e-type=\"widget\" data-widget_type=\"text-editor.default\">\n\t\t\t\t<div class=\"elementor-widget-container\">\n\t\t\t\t\t\t\t\t\t<p align=\"justify\">Cette activit\u00e9 pr\u00e9sente un int\u00e9r\u00eat ind\u00e9niable. Gr\u00e2ce \u00e0 votre participation directe et active, vous aurez acc\u00e8s aux populations locales d&rsquo;abeilles en processus de s\u00e9lection, processus qui, en quelques ann\u00e9es seulement, am\u00e9liorera leur capacit\u00e9 de production et, partant, le rendement global de votre exploitation apicole.<\/p>\n\t\t\t\t\t\t\t\t<\/div>\n\t\t\t\t<\/div>\n\t\t\t\t\t<\/div>\n\t\t<\/div>\n\t\t\t\t<div class=\"elementor-column elementor-col-50 elementor-inner-column elementor-element elementor-element-12523512\" data-id=\"12523512\" data-element_type=\"column\" data-e-type=\"column\">\n\t\t\t<div class=\"elementor-widget-wrap elementor-element-populated\">\n\t\t\t\t\t\t<div class=\"elementor-element elementor-element-4f1c9166 elementor-widget elementor-widget-heading\" data-id=\"4f1c9166\" data-element_type=\"widget\" data-e-type=\"widget\" data-widget_type=\"heading.default\">\n\t\t\t\t<div class=\"elementor-widget-container\">\n\t\t\t\t\t<h4 class=\"elementor-heading-title elementor-size-default\">La conservation de l'abeille locale vous motive ?<\/h4>\t\t\t\t<\/div>\n\t\t\t\t<\/div>\n\t\t\t\t<div class=\"elementor-element elementor-element-77525d6e elementor-widget-divider--view-line elementor-widget elementor-widget-divider\" data-id=\"77525d6e\" data-element_type=\"widget\" data-e-type=\"widget\" data-widget_type=\"divider.default\">\n\t\t\t\t<div class=\"elementor-widget-container\">\n\t\t\t\t\t\t\t<div class=\"elementor-divider\">\n\t\t\t<span class=\"elementor-divider-separator\">\n\t\t\t\t\t\t<\/span>\n\t\t<\/div>\n\t\t\t\t\t\t<\/div>\n\t\t\t\t<\/div>\n\t\t\t\t<div class=\"elementor-element elementor-element-48e66879 elementor-widget elementor-widget-text-editor\" data-id=\"48e66879\" data-element_type=\"widget\" data-e-type=\"widget\" data-widget_type=\"text-editor.default\">\n\t\t\t\t<div class=\"elementor-widget-container\">\n\t\t\t\t\t\t\t\t\t<p align=\"justify\">Vous pouvez consacrer un peu de temps et de travail pour r\u00e9aliser les tests de rendement sur les colonies du Programme d&rsquo;Am\u00e9lioration? Vous \u00eates en mesure d&rsquo;\u00e9tablir et de maintenir une station de testage de 10 colonies? Vous \u00eates dispos\u00e9(e) \u00e0 participer \u00e0 diff\u00e9rents ateliers de formation et d&rsquo;information?<\/p>\n<p align=\"justify\">Si vous r\u00e9pondez oui \u00e0 ces question, alors ERBEL est faite pour vous !<\/p>\n\t\t\t\t\t\t\t\t<\/div>\n\t\t\t\t<\/div>\n\t\t\t\t\t<\/div>\n\t\t<\/div>\n\t\t\t\t\t<\/div>\n\t\t<\/section>\n\t\t\t\t\t<\/div>\n\t\t<\/div>\n\t\t\t\t\t<\/div>\n\t\t<\/section>\n\t\t\t\t<\/div>\n\t\t","protected":false},"excerpt":{"rendered":"<p>QU&rsquo;EST-CE QUE C&rsquo;EST ERBEL? OBJECTIFS Le principal objectif d\u2019ERBEL est de cr\u00e9er et d&rsquo;appliquer le Programme d&rsquo;Am\u00e9lioration de l&rsquo;abeille locale Apis melifera iberiensis. Le programme s&rsquo;applique \u00e0 des abeilles adapt\u00e9es \u00e0 leur environnement et vise \u00e0 am\u00e9liorer la production, \u00e0 r\u00e9duire l&rsquo;agressivit\u00e9 et \u00e0 augmenter la tol\u00e9rance et la r\u00e9sistance au Varroa. Pour cela, les &#8230; <a title=\"ERBEL\" class=\"read-more\" href=\"https:\/\/erbel.eus\/fr\/erbel__trashed\/\" aria-label=\"More on ERBEL\">Read More<\/a><\/p>\n","protected":false},"author":1,"featured_media":0,"parent":0,"menu_order":0,"comment_status":"closed","ping_status":"closed","template":"","meta":{"_bbp_topic_count":0,"_bbp_reply_count":0,"_bbp_total_topic_count":0,"_bbp_total_reply_count":0,"_bbp_voice_count":0,"_bbp_anonymous_reply_count":0,"_bbp_topic_count_hidden":0,"_bbp_reply_count_hidden":0,"_bbp_forum_subforum_count":0,"footnotes":""},"class_list":["post-282","page","type-page","status-publish"],"yoast_head":"<!-- This site is optimized with the Yoast SEO plugin v26.8 - https:\/\/yoast.com\/product\/yoast-seo-wordpress\/ -->\n<title>ERBEL &#8226; ERBEL<\/title>\n<meta name=\"robots\" content=\"index, follow, max-snippet:-1, max-image-preview:large, max-video-preview:-1\" \/>\n<link rel=\"canonical\" href=\"https:\/\/erbel.eus\/eu\/erbel\/\" \/>\n<meta property=\"og:locale\" content=\"fr_FR\" \/>\n<meta property=\"og:type\" content=\"article\" \/>\n<meta property=\"og:title\" content=\"ERBEL &#8226; ERBEL\" \/>\n<meta property=\"og:description\" content=\"QU&rsquo;EST-CE QUE C&rsquo;EST ERBEL? OBJECTIFS Le principal objectif d\u2019ERBEL est de cr\u00e9er et d&rsquo;appliquer le Programme d&rsquo;Am\u00e9lioration de l&rsquo;abeille locale Apis melifera iberiensis. Le programme s&rsquo;applique \u00e0 des abeilles adapt\u00e9es \u00e0 leur environnement et vise \u00e0 am\u00e9liorer la production, \u00e0 r\u00e9duire l&rsquo;agressivit\u00e9 et \u00e0 augmenter la tol\u00e9rance et la r\u00e9sistance au Varroa. Pour cela, les ... Read More\" \/>\n<meta property=\"og:url\" content=\"https:\/\/erbel.eus\/eu\/erbel\/\" \/>\n<meta property=\"og:site_name\" content=\"ERBEL\" \/>\n<meta property=\"article:modified_time\" content=\"2024-09-27T13:40:52+00:00\" \/>\n<meta property=\"og:image\" content=\"https:\/\/erbel.eus\/wp-content\/uploads\/2019\/05\/Jose-Martin-Beobide_-1.jpg\" \/>\n<meta name=\"twitter:card\" content=\"summary_large_image\" \/>\n<meta name=\"twitter:label1\" content=\"Dur\u00e9e de lecture estim\u00e9e\" \/>\n\t<meta name=\"twitter:data1\" content=\"6 minutes\" \/>\n<script type=\"application\/ld+json\" class=\"yoast-schema-graph\">{\"@context\":\"https:\/\/schema.org\",\"@graph\":[{\"@type\":\"WebPage\",\"@id\":\"https:\/\/erbel.eus\/eu\/erbel\/\",\"url\":\"https:\/\/erbel.eus\/eu\/erbel\/\",\"name\":\"ERBEL &#8226; ERBEL\",\"isPartOf\":{\"@id\":\"https:\/\/erbel.eus\/#website\"},\"primaryImageOfPage\":{\"@id\":\"https:\/\/erbel.eus\/eu\/erbel\/#primaryimage\"},\"image\":{\"@id\":\"https:\/\/erbel.eus\/eu\/erbel\/#primaryimage\"},\"thumbnailUrl\":\"https:\/\/erbel.eus\/wp-content\/uploads\/2019\/05\/Jose-Martin-Beobide_-1.jpg\",\"datePublished\":\"2019-04-17T07:54:32+00:00\",\"dateModified\":\"2024-09-27T13:40:52+00:00\",\"breadcrumb\":{\"@id\":\"https:\/\/erbel.eus\/eu\/erbel\/#breadcrumb\"},\"inLanguage\":\"fr-FR\",\"potentialAction\":[{\"@type\":\"ReadAction\",\"target\":[\"https:\/\/erbel.eus\/eu\/erbel\/\"]}]},{\"@type\":\"ImageObject\",\"inLanguage\":\"fr-FR\",\"@id\":\"https:\/\/erbel.eus\/eu\/erbel\/#primaryimage\",\"url\":\"https:\/\/erbel.eus\/wp-content\/uploads\/2019\/05\/Jose-Martin-Beobide_-1.jpg\",\"contentUrl\":\"https:\/\/erbel.eus\/wp-content\/uploads\/2019\/05\/Jose-Martin-Beobide_-1.jpg\"},{\"@type\":\"BreadcrumbList\",\"@id\":\"https:\/\/erbel.eus\/eu\/erbel\/#breadcrumb\",\"itemListElement\":[{\"@type\":\"ListItem\",\"position\":1,\"name\":\"Home\",\"item\":\"https:\/\/erbel.eus\/\"},{\"@type\":\"ListItem\",\"position\":2,\"name\":\"ERBEL\"}]},{\"@type\":\"WebSite\",\"@id\":\"https:\/\/erbel.eus\/#website\",\"url\":\"https:\/\/erbel.eus\/\",\"name\":\"ERBEL\",\"description\":\" Erle Beltz Hazleen Elkartea - Asociacion de criadores de abeja Erle Beltza - Association d&#039;eleveurs d&#039;abeilles Erle Beltza\",\"publisher\":{\"@id\":\"https:\/\/erbel.eus\/#organization\"},\"potentialAction\":[{\"@type\":\"SearchAction\",\"target\":{\"@type\":\"EntryPoint\",\"urlTemplate\":\"https:\/\/erbel.eus\/?s={search_term_string}\"},\"query-input\":{\"@type\":\"PropertyValueSpecification\",\"valueRequired\":true,\"valueName\":\"search_term_string\"}}],\"inLanguage\":\"fr-FR\"},{\"@type\":\"Organization\",\"@id\":\"https:\/\/erbel.eus\/#organization\",\"name\":\"ERBEL Erle Beltza Hazleen Elkartea\",\"url\":\"https:\/\/erbel.eus\/\",\"logo\":{\"@type\":\"ImageObject\",\"inLanguage\":\"fr-FR\",\"@id\":\"https:\/\/erbel.eus\/#\/schema\/logo\/image\/\",\"url\":\"https:\/\/i0.wp.com\/erbel.eus\/wp-content\/uploads\/2019\/05\/erbel_erleak_denak-beltz.png?fit=300%2C316&ssl=1\",\"contentUrl\":\"https:\/\/i0.wp.com\/erbel.eus\/wp-content\/uploads\/2019\/05\/erbel_erleak_denak-beltz.png?fit=300%2C316&ssl=1\",\"width\":300,\"height\":316,\"caption\":\"ERBEL Erle Beltza Hazleen Elkartea\"},\"image\":{\"@id\":\"https:\/\/erbel.eus\/#\/schema\/logo\/image\/\"},\"sameAs\":[\"https:\/\/www.youtube.com\/channel\/UCNkgIS3GnpMESbnykKUIqgw\"]}]}<\/script>\n<!-- \/ Yoast SEO plugin. -->","yoast_head_json":{"title":"ERBEL &#8226; ERBEL","robots":{"index":"index","follow":"follow","max-snippet":"max-snippet:-1","max-image-preview":"max-image-preview:large","max-video-preview":"max-video-preview:-1"},"canonical":"https:\/\/erbel.eus\/eu\/erbel\/","og_locale":"fr_FR","og_type":"article","og_title":"ERBEL &#8226; ERBEL","og_description":"QU&rsquo;EST-CE QUE C&rsquo;EST ERBEL? OBJECTIFS Le principal objectif d\u2019ERBEL est de cr\u00e9er et d&rsquo;appliquer le Programme d&rsquo;Am\u00e9lioration de l&rsquo;abeille locale Apis melifera iberiensis. Le programme s&rsquo;applique \u00e0 des abeilles adapt\u00e9es \u00e0 leur environnement et vise \u00e0 am\u00e9liorer la production, \u00e0 r\u00e9duire l&rsquo;agressivit\u00e9 et \u00e0 augmenter la tol\u00e9rance et la r\u00e9sistance au Varroa. Pour cela, les ... Read More","og_url":"https:\/\/erbel.eus\/eu\/erbel\/","og_site_name":"ERBEL","article_modified_time":"2024-09-27T13:40:52+00:00","og_image":[{"url":"https:\/\/erbel.eus\/wp-content\/uploads\/2019\/05\/Jose-Martin-Beobide_-1.jpg","type":"","width":"","height":""}],"twitter_card":"summary_large_image","twitter_misc":{"Dur\u00e9e de lecture estim\u00e9e":"6 minutes"},"schema":{"@context":"https:\/\/schema.org","@graph":[{"@type":"WebPage","@id":"https:\/\/erbel.eus\/eu\/erbel\/","url":"https:\/\/erbel.eus\/eu\/erbel\/","name":"ERBEL &#8226; ERBEL","isPartOf":{"@id":"https:\/\/erbel.eus\/#website"},"primaryImageOfPage":{"@id":"https:\/\/erbel.eus\/eu\/erbel\/#primaryimage"},"image":{"@id":"https:\/\/erbel.eus\/eu\/erbel\/#primaryimage"},"thumbnailUrl":"https:\/\/erbel.eus\/wp-content\/uploads\/2019\/05\/Jose-Martin-Beobide_-1.jpg","datePublished":"2019-04-17T07:54:32+00:00","dateModified":"2024-09-27T13:40:52+00:00","breadcrumb":{"@id":"https:\/\/erbel.eus\/eu\/erbel\/#breadcrumb"},"inLanguage":"fr-FR","potentialAction":[{"@type":"ReadAction","target":["https:\/\/erbel.eus\/eu\/erbel\/"]}]},{"@type":"ImageObject","inLanguage":"fr-FR","@id":"https:\/\/erbel.eus\/eu\/erbel\/#primaryimage","url":"https:\/\/erbel.eus\/wp-content\/uploads\/2019\/05\/Jose-Martin-Beobide_-1.jpg","contentUrl":"https:\/\/erbel.eus\/wp-content\/uploads\/2019\/05\/Jose-Martin-Beobide_-1.jpg"},{"@type":"BreadcrumbList","@id":"https:\/\/erbel.eus\/eu\/erbel\/#breadcrumb","itemListElement":[{"@type":"ListItem","position":1,"name":"Home","item":"https:\/\/erbel.eus\/"},{"@type":"ListItem","position":2,"name":"ERBEL"}]},{"@type":"WebSite","@id":"https:\/\/erbel.eus\/#website","url":"https:\/\/erbel.eus\/","name":"ERBEL","description":" Erle Beltz Hazleen Elkartea - Asociacion de criadores de abeja Erle Beltza - Association d&#039;eleveurs d&#039;abeilles Erle Beltza","publisher":{"@id":"https:\/\/erbel.eus\/#organization"},"potentialAction":[{"@type":"SearchAction","target":{"@type":"EntryPoint","urlTemplate":"https:\/\/erbel.eus\/?s={search_term_string}"},"query-input":{"@type":"PropertyValueSpecification","valueRequired":true,"valueName":"search_term_string"}}],"inLanguage":"fr-FR"},{"@type":"Organization","@id":"https:\/\/erbel.eus\/#organization","name":"ERBEL Erle Beltza Hazleen Elkartea","url":"https:\/\/erbel.eus\/","logo":{"@type":"ImageObject","inLanguage":"fr-FR","@id":"https:\/\/erbel.eus\/#\/schema\/logo\/image\/","url":"https:\/\/i0.wp.com\/erbel.eus\/wp-content\/uploads\/2019\/05\/erbel_erleak_denak-beltz.png?fit=300%2C316&ssl=1","contentUrl":"https:\/\/i0.wp.com\/erbel.eus\/wp-content\/uploads\/2019\/05\/erbel_erleak_denak-beltz.png?fit=300%2C316&ssl=1","width":300,"height":316,"caption":"ERBEL Erle Beltza Hazleen Elkartea"},"image":{"@id":"https:\/\/erbel.eus\/#\/schema\/logo\/image\/"},"sameAs":["https:\/\/www.youtube.com\/channel\/UCNkgIS3GnpMESbnykKUIqgw"]}]}},"jetpack_sharing_enabled":true,"_links":{"self":[{"href":"https:\/\/erbel.eus\/fr\/wp-json\/wp\/v2\/pages\/282","targetHints":{"allow":["GET"]}}],"collection":[{"href":"https:\/\/erbel.eus\/fr\/wp-json\/wp\/v2\/pages"}],"about":[{"href":"https:\/\/erbel.eus\/fr\/wp-json\/wp\/v2\/types\/page"}],"author":[{"embeddable":true,"href":"https:\/\/erbel.eus\/fr\/wp-json\/wp\/v2\/users\/1"}],"replies":[{"embeddable":true,"href":"https:\/\/erbel.eus\/fr\/wp-json\/wp\/v2\/comments?post=282"}],"version-history":[{"count":27,"href":"https:\/\/erbel.eus\/fr\/wp-json\/wp\/v2\/pages\/282\/revisions"}],"predecessor-version":[{"id":2960,"href":"https:\/\/erbel.eus\/fr\/wp-json\/wp\/v2\/pages\/282\/revisions\/2960"}],"wp:attachment":[{"href":"https:\/\/erbel.eus\/fr\/wp-json\/wp\/v2\/media?parent=282"}],"curies":[{"name":"wp","href":"https:\/\/api.w.org\/{rel}","templated":true}]}}