{"id":551,"date":"2019-04-26T14:06:29","date_gmt":"2019-04-26T13:06:29","guid":{"rendered":"https:\/\/www.erbel.eus\/estekak\/"},"modified":"2024-09-27T14:36:56","modified_gmt":"2024-09-27T13:36:56","slug":"estekak","status":"publish","type":"page","link":"https:\/\/erbel.eus\/eu\/estekak\/","title":{"rendered":"ESTEKAK"},"content":{"rendered":"\t\t<div data-elementor-type=\"wp-post\" data-elementor-id=\"551\" class=\"elementor elementor-551\">\n\t\t\t\t\t\t<section class=\"elementor-section elementor-top-section elementor-element elementor-element-429f0f31 elementor-section-boxed elementor-section-height-default elementor-section-height-default\" data-id=\"429f0f31\" data-element_type=\"section\" data-e-type=\"section\">\n\t\t\t\t\t\t\t<div class=\"elementor-background-overlay\"><\/div>\n\t\t\t\t\t\t\t<div class=\"elementor-container elementor-column-gap-default\">\n\t\t\t\t\t<div class=\"elementor-column elementor-col-100 elementor-top-column elementor-element elementor-element-7af80ae9\" data-id=\"7af80ae9\" data-element_type=\"column\" data-e-type=\"column\">\n\t\t\t<div class=\"elementor-widget-wrap elementor-element-populated\">\n\t\t\t\t\t\t<div class=\"elementor-element elementor-element-2f0d4af4 elementor-widget elementor-widget-heading\" data-id=\"2f0d4af4\" data-element_type=\"widget\" data-e-type=\"widget\" data-widget_type=\"heading.default\">\n\t\t\t\t<div class=\"elementor-widget-container\">\n\t\t\t\t\t<h2 class=\"elementor-heading-title elementor-size-default\">ESTEKAK<\/h2>\t\t\t\t<\/div>\n\t\t\t\t<\/div>\n\t\t\t\t<div class=\"elementor-element elementor-element-3e5bd235 elementor-widget-divider--view-line elementor-widget elementor-widget-divider\" data-id=\"3e5bd235\" data-element_type=\"widget\" data-e-type=\"widget\" data-widget_type=\"divider.default\">\n\t\t\t\t<div class=\"elementor-widget-container\">\n\t\t\t\t\t\t\t<div class=\"elementor-divider\">\n\t\t\t<span class=\"elementor-divider-separator\">\n\t\t\t\t\t\t<\/span>\n\t\t<\/div>\n\t\t\t\t\t\t<\/div>\n\t\t\t\t<\/div>\n\t\t\t\t\t<\/div>\n\t\t<\/div>\n\t\t\t\t\t<\/div>\n\t\t<\/section>\n\t\t\t\t<section class=\"elementor-section elementor-top-section elementor-element elementor-element-1e8cc62 elementor-section-boxed elementor-section-height-default elementor-section-height-default\" data-id=\"1e8cc62\" data-element_type=\"section\" data-e-type=\"section\">\n\t\t\t\t\t\t<div class=\"elementor-container elementor-column-gap-default\">\n\t\t\t\t\t<div class=\"elementor-column elementor-col-100 elementor-top-column elementor-element elementor-element-9ecf2f3\" data-id=\"9ecf2f3\" data-element_type=\"column\" data-e-type=\"column\">\n\t\t\t<div class=\"elementor-widget-wrap elementor-element-populated\">\n\t\t\t\t\t\t<div class=\"elementor-element elementor-element-6d8bd50 elementor-widget elementor-widget-text-editor\" data-id=\"6d8bd50\" data-element_type=\"widget\" data-e-type=\"widget\" data-widget_type=\"text-editor.default\">\n\t\t\t\t<div class=\"elementor-widget-container\">\n\t\t\t\t\t\t\t\t\t<div id=\"wrapper\">\n<div id=\"container\">\n<section id=\"main\">\n<div class=\"inside\">\n<div id=\"links\" class=\"mod_article first last block\">\n<div class=\"ce_text first last block\">\n<p><strong>ERLE HAZLEEN\/ERLEZAIN ELKARTEAK<\/strong><\/p>\n<p><a href=\"https:\/\/erlebeltza.com\/\">Euskal Erle Beltza<\/a><br \/>\n<a href=\"http:\/\/www.erleakgipuzkoa.org\/home\/index.php\">GEE<\/a> \u2013 Gipuzkoako Erlezain Elkartea<br \/>\n<a href=\"http:\/\/www.apidena.org\/index.php\/eu\/\">APIDENA<\/a> \u2013 Nafarroako Erlezain Elkartea<br \/>\n<a href=\"http:\/\/www.toleranzzucht.de\/\">AGT<\/a> &#8211; Arbeitsgemeinschaft Toleranzzucht<br \/>\n<a href=\"http:\/\/www.apimondia.org\/\">Apimondia<\/a> &#8211; International Federation of Beekeepers&#8217; Associations<br \/>\n<a href=\"http:\/\/www.bienen.ch\/index.php?id=761\">apisuisse<\/a> &#8211; Dachverband der schweizerischen Bienenz\u00fcchtervereine<br \/>\n<a href=\"https:\/\/www2.hu-berlin.de\/beebreed\/ZWS\/\">Beebreed<\/a> &#8211; Zuchtwertsch\u00e4tzung des L\u00e4nderinstituts f\u00fcr Bienenkunde Hohen Neuendorf e.V.<br \/>\n<a href=\"http:\/\/www.bienen.ch\/\">BienenSchweiz<\/a> &#8211; Imkerverband der deutschen und r\u00e4toromanischen Schweiz (ehemals VDRB)<br \/>\n<a href=\"http:\/\/www.carnica.ch\">Carnica.ch<\/a> &#8211; Verein Schweizerische Carnicaimker<br \/>\n<a href=\"http:\/\/www.mellifera.ch\/cms\/index.php\">Mellifera.ch<\/a> &#8211; Verein Schweizerischer Mellifera Bienenfreunde<br \/>\n<a href=\"https:\/\/zwartebij.org\/\">ZwarteBij.org<\/a> \u00b7 Bescherm inheems natuurerfgoed!<br \/>\n<a href=\"https:\/\/www.macbee.org\/en\/\">Macbee<\/a> \u2013 <em>Apis mellifera macedonica<\/em><br \/>\n<a href=\"http:\/\/www.czs.si\/\">Slovenian Beekeepers\u00b4Association<\/a><br \/>\n<a href=\"http:\/\/adana.adafrance.org\/\">ADA NA<\/a> \u2013 Association de d\u00e9veloppement de l\u00b4Apiculture en nouvelle Aquitaine<\/p>\n<p><strong>IKERKETA<\/strong><br \/>\n<a href=\"https:\/\/www.agroscope.admin.ch\/agroscope\/de\/home\/themen\/nutztiere\/bienen.html\">Agroscope<\/a> &#8211; Schweizerisches Zentrum f\u00fcr Bienenforschung<br \/>\n<a href=\"https:\/\/coloss.org\/\">COLOSS<\/a> &#8211; honey bee research association<br \/>\n<a href=\"https:\/\/www.hobos.de\/\">HOBOS<\/a> &#8211; HoneyBee Online Studies<br \/>\n<a href=\"http:\/\/www.smartbees.eu\/\">SmartBees<\/a> &#8211; sustainable management of resilient bee populations<br \/>\n<a href=\"https:\/\/aristabeeresearch.org\/\">Arista Bee Research<\/a> \u2013 Foundation for breeding varroa resistant honey bees<br \/>\n\u200b<\/p>\n<\/div>\n<\/div>\n<\/div>\n<\/section>\n<\/div>\n<\/div>\n\t\t\t\t\t\t\t\t<\/div>\n\t\t\t\t<\/div>\n\t\t\t\t\t<\/div>\n\t\t<\/div>\n\t\t\t\t\t<\/div>\n\t\t<\/section>\n\t\t\t\t<\/div>\n\t\t","protected":false},"excerpt":{"rendered":"<p>ESTEKAK ERLE HAZLEEN\/ERLEZAIN ELKARTEAK Euskal Erle Beltza GEE \u2013 Gipuzkoako Erlezain Elkartea APIDENA \u2013 Nafarroako Erlezain Elkartea AGT &#8211; Arbeitsgemeinschaft Toleranzzucht Apimondia &#8211; International Federation of Beekeepers&#8217; Associations apisuisse &#8211; Dachverband der schweizerischen Bienenz\u00fcchtervereine Beebreed &#8211; Zuchtwertsch\u00e4tzung des L\u00e4nderinstituts f\u00fcr Bienenkunde Hohen Neuendorf e.V. BienenSchweiz &#8211; Imkerverband der deutschen und r\u00e4toromanischen Schweiz (ehemals VDRB) Carnica.ch &#8230; <a title=\"ESTEKAK\" class=\"read-more\" href=\"https:\/\/erbel.eus\/eu\/estekak\/\" aria-label=\"More on ESTEKAK\">Read More<\/a><\/p>\n","protected":false},"author":1,"featured_media":0,"parent":0,"menu_order":0,"comment_status":"closed","ping_status":"closed","template":"","meta":{"_bbp_topic_count":0,"_bbp_reply_count":0,"_bbp_total_topic_count":0,"_bbp_total_reply_count":0,"_bbp_voice_count":0,"_bbp_anonymous_reply_count":0,"_bbp_topic_count_hidden":0,"_bbp_reply_count_hidden":0,"_bbp_forum_subforum_count":0,"footnotes":""},"class_list":["post-551","page","type-page","status-publish"],"yoast_head":"<!-- This site is optimized with the Yoast SEO plugin v26.8 - https:\/\/yoast.com\/product\/yoast-seo-wordpress\/ -->\n<title>ESTEKAK &#8226; ERBEL<\/title>\n<meta name=\"robots\" content=\"index, follow, max-snippet:-1, max-image-preview:large, max-video-preview:-1\" \/>\n<link rel=\"canonical\" href=\"https:\/\/erbel.eus\/enlaces\/\" \/>\n<meta property=\"og:locale\" content=\"eu_ES\" \/>\n<meta property=\"og:type\" content=\"article\" \/>\n<meta property=\"og:title\" content=\"ESTEKAK &#8226; ERBEL\" \/>\n<meta property=\"og:description\" content=\"ESTEKAK ERLE HAZLEEN\/ERLEZAIN ELKARTEAK Euskal Erle Beltza GEE \u2013 Gipuzkoako Erlezain Elkartea APIDENA \u2013 Nafarroako Erlezain Elkartea AGT &#8211; Arbeitsgemeinschaft Toleranzzucht Apimondia &#8211; International Federation of Beekeepers&#8217; Associations apisuisse &#8211; Dachverband der schweizerischen Bienenz\u00fcchtervereine Beebreed &#8211; Zuchtwertsch\u00e4tzung des L\u00e4nderinstituts f\u00fcr Bienenkunde Hohen Neuendorf e.V. BienenSchweiz &#8211; Imkerverband der deutschen und r\u00e4toromanischen Schweiz (ehemals VDRB) Carnica.ch ... Read More\" \/>\n<meta property=\"og:url\" content=\"https:\/\/erbel.eus\/enlaces\/\" \/>\n<meta property=\"og:site_name\" content=\"ERBEL\" \/>\n<meta property=\"article:modified_time\" content=\"2024-09-27T13:36:56+00:00\" \/>\n<meta name=\"twitter:card\" content=\"summary_large_image\" \/>\n<meta name=\"twitter:label1\" content=\"Est. reading time\" \/>\n\t<meta name=\"twitter:data1\" content=\"1 minute\" \/>\n<script type=\"application\/ld+json\" class=\"yoast-schema-graph\">{\"@context\":\"https:\/\/schema.org\",\"@graph\":[{\"@type\":\"WebPage\",\"@id\":\"https:\/\/erbel.eus\/enlaces\/\",\"url\":\"https:\/\/erbel.eus\/enlaces\/\",\"name\":\"ESTEKAK &#8226; ERBEL\",\"isPartOf\":{\"@id\":\"https:\/\/erbel.eus\/#website\"},\"datePublished\":\"2019-04-26T13:06:29+00:00\",\"dateModified\":\"2024-09-27T13:36:56+00:00\",\"breadcrumb\":{\"@id\":\"https:\/\/erbel.eus\/enlaces\/#breadcrumb\"},\"inLanguage\":\"eu-ES\",\"potentialAction\":[{\"@type\":\"ReadAction\",\"target\":[\"https:\/\/erbel.eus\/enlaces\/\"]}]},{\"@type\":\"BreadcrumbList\",\"@id\":\"https:\/\/erbel.eus\/enlaces\/#breadcrumb\",\"itemListElement\":[{\"@type\":\"ListItem\",\"position\":1,\"name\":\"Home\",\"item\":\"https:\/\/erbel.eus\/\"},{\"@type\":\"ListItem\",\"position\":2,\"name\":\"ESTEKAK\"}]},{\"@type\":\"WebSite\",\"@id\":\"https:\/\/erbel.eus\/#website\",\"url\":\"https:\/\/erbel.eus\/\",\"name\":\"ERBEL\",\"description\":\" Erle Beltz Hazleen Elkartea - Asociacion de criadores de abeja Erle Beltza - Association d&#039;eleveurs d&#039;abeilles Erle Beltza\",\"publisher\":{\"@id\":\"https:\/\/erbel.eus\/#organization\"},\"potentialAction\":[{\"@type\":\"SearchAction\",\"target\":{\"@type\":\"EntryPoint\",\"urlTemplate\":\"https:\/\/erbel.eus\/?s={search_term_string}\"},\"query-input\":{\"@type\":\"PropertyValueSpecification\",\"valueRequired\":true,\"valueName\":\"search_term_string\"}}],\"inLanguage\":\"eu-ES\"},{\"@type\":\"Organization\",\"@id\":\"https:\/\/erbel.eus\/#organization\",\"name\":\"ERBEL Erle Beltza Hazleen Elkartea\",\"url\":\"https:\/\/erbel.eus\/\",\"logo\":{\"@type\":\"ImageObject\",\"inLanguage\":\"eu-ES\",\"@id\":\"https:\/\/erbel.eus\/#\/schema\/logo\/image\/\",\"url\":\"https:\/\/i0.wp.com\/erbel.eus\/wp-content\/uploads\/2019\/05\/erbel_erleak_denak-beltz.png?fit=300%2C316&ssl=1\",\"contentUrl\":\"https:\/\/i0.wp.com\/erbel.eus\/wp-content\/uploads\/2019\/05\/erbel_erleak_denak-beltz.png?fit=300%2C316&ssl=1\",\"width\":300,\"height\":316,\"caption\":\"ERBEL Erle Beltza Hazleen Elkartea\"},\"image\":{\"@id\":\"https:\/\/erbel.eus\/#\/schema\/logo\/image\/\"},\"sameAs\":[\"https:\/\/www.youtube.com\/channel\/UCNkgIS3GnpMESbnykKUIqgw\"]}]}<\/script>\n<!-- \/ Yoast SEO plugin. -->","yoast_head_json":{"title":"ESTEKAK &#8226; ERBEL","robots":{"index":"index","follow":"follow","max-snippet":"max-snippet:-1","max-image-preview":"max-image-preview:large","max-video-preview":"max-video-preview:-1"},"canonical":"https:\/\/erbel.eus\/enlaces\/","og_locale":"eu_ES","og_type":"article","og_title":"ESTEKAK &#8226; ERBEL","og_description":"ESTEKAK ERLE HAZLEEN\/ERLEZAIN ELKARTEAK Euskal Erle Beltza GEE \u2013 Gipuzkoako Erlezain Elkartea APIDENA \u2013 Nafarroako Erlezain Elkartea AGT &#8211; Arbeitsgemeinschaft Toleranzzucht Apimondia &#8211; International Federation of Beekeepers&#8217; Associations apisuisse &#8211; Dachverband der schweizerischen Bienenz\u00fcchtervereine Beebreed &#8211; Zuchtwertsch\u00e4tzung des L\u00e4nderinstituts f\u00fcr Bienenkunde Hohen Neuendorf e.V. BienenSchweiz &#8211; Imkerverband der deutschen und r\u00e4toromanischen Schweiz (ehemals VDRB) Carnica.ch ... Read More","og_url":"https:\/\/erbel.eus\/enlaces\/","og_site_name":"ERBEL","article_modified_time":"2024-09-27T13:36:56+00:00","twitter_card":"summary_large_image","twitter_misc":{"Est. reading time":"1 minute"},"schema":{"@context":"https:\/\/schema.org","@graph":[{"@type":"WebPage","@id":"https:\/\/erbel.eus\/enlaces\/","url":"https:\/\/erbel.eus\/enlaces\/","name":"ESTEKAK &#8226; ERBEL","isPartOf":{"@id":"https:\/\/erbel.eus\/#website"},"datePublished":"2019-04-26T13:06:29+00:00","dateModified":"2024-09-27T13:36:56+00:00","breadcrumb":{"@id":"https:\/\/erbel.eus\/enlaces\/#breadcrumb"},"inLanguage":"eu-ES","potentialAction":[{"@type":"ReadAction","target":["https:\/\/erbel.eus\/enlaces\/"]}]},{"@type":"BreadcrumbList","@id":"https:\/\/erbel.eus\/enlaces\/#breadcrumb","itemListElement":[{"@type":"ListItem","position":1,"name":"Home","item":"https:\/\/erbel.eus\/"},{"@type":"ListItem","position":2,"name":"ESTEKAK"}]},{"@type":"WebSite","@id":"https:\/\/erbel.eus\/#website","url":"https:\/\/erbel.eus\/","name":"ERBEL","description":" Erle Beltz Hazleen Elkartea - Asociacion de criadores de abeja Erle Beltza - Association d&#039;eleveurs d&#039;abeilles Erle Beltza","publisher":{"@id":"https:\/\/erbel.eus\/#organization"},"potentialAction":[{"@type":"SearchAction","target":{"@type":"EntryPoint","urlTemplate":"https:\/\/erbel.eus\/?s={search_term_string}"},"query-input":{"@type":"PropertyValueSpecification","valueRequired":true,"valueName":"search_term_string"}}],"inLanguage":"eu-ES"},{"@type":"Organization","@id":"https:\/\/erbel.eus\/#organization","name":"ERBEL Erle Beltza Hazleen Elkartea","url":"https:\/\/erbel.eus\/","logo":{"@type":"ImageObject","inLanguage":"eu-ES","@id":"https:\/\/erbel.eus\/#\/schema\/logo\/image\/","url":"https:\/\/i0.wp.com\/erbel.eus\/wp-content\/uploads\/2019\/05\/erbel_erleak_denak-beltz.png?fit=300%2C316&ssl=1","contentUrl":"https:\/\/i0.wp.com\/erbel.eus\/wp-content\/uploads\/2019\/05\/erbel_erleak_denak-beltz.png?fit=300%2C316&ssl=1","width":300,"height":316,"caption":"ERBEL Erle Beltza Hazleen Elkartea"},"image":{"@id":"https:\/\/erbel.eus\/#\/schema\/logo\/image\/"},"sameAs":["https:\/\/www.youtube.com\/channel\/UCNkgIS3GnpMESbnykKUIqgw"]}]}},"jetpack_sharing_enabled":true,"_links":{"self":[{"href":"https:\/\/erbel.eus\/eu\/wp-json\/wp\/v2\/pages\/551","targetHints":{"allow":["GET"]}}],"collection":[{"href":"https:\/\/erbel.eus\/eu\/wp-json\/wp\/v2\/pages"}],"about":[{"href":"https:\/\/erbel.eus\/eu\/wp-json\/wp\/v2\/types\/page"}],"author":[{"embeddable":true,"href":"https:\/\/erbel.eus\/eu\/wp-json\/wp\/v2\/users\/1"}],"replies":[{"embeddable":true,"href":"https:\/\/erbel.eus\/eu\/wp-json\/wp\/v2\/comments?post=551"}],"version-history":[{"count":7,"href":"https:\/\/erbel.eus\/eu\/wp-json\/wp\/v2\/pages\/551\/revisions"}],"predecessor-version":[{"id":2948,"href":"https:\/\/erbel.eus\/eu\/wp-json\/wp\/v2\/pages\/551\/revisions\/2948"}],"wp:attachment":[{"href":"https:\/\/erbel.eus\/eu\/wp-json\/wp\/v2\/media?parent=551"}],"curies":[{"name":"wp","href":"https:\/\/api.w.org\/{rel}","templated":true}]}}